{"id":468,"date":"2021-08-03T07:15:41","date_gmt":"2021-08-03T07:15:41","guid":{"rendered":"http:\/\/localhost:8080\/?page_id=468"},"modified":"2025-12-04T14:30:34","modified_gmt":"2025-12-04T13:30:34","slug":"home","status":"publish","type":"page","link":"https:\/\/suri.templweb.com\/en\/","title":{"rendered":"We are expanding the metro so that distances will become shorter as Stockholm grows larger."},"content":{"rendered":"<div class=\"sllAllPostsWrapper\">\n            <input type=\"hidden\" name=\"sllPostType\" value=\"post\">\n            <input type=\"hidden\" name=\"page\" value=\"1\">\n            <input type=\"hidden\" name=\"ppp\" value=\"1000\">\n            <input type=\"hidden\" name=\"imgStatus\" value=\"yes\">\n            <input type=\"hidden\" name=\"primaryPostTemplate\" value=\"no\">\n            <input type=\"hidden\" name=\"primaryPost\" value=\"0\">\n            <input type=\"hidden\" name=\"cp\" value=\"0\">\n            <input type=\"hidden\" name=\"category\" value=\"\">\n            <input type=\"hidden\" name=\"totalP\" value=\"81\">            \n        <input type=\"text\" name=\"date-submitted\" value=\"\" id=\"xyq\"><div class=\"sllItemsWrapper\"><h2 class=\"feed-title\" id=\"news\">News<\/h2><ul class=\"items-feed\"><li class=\"feed-item loadMoreRepeat\"><a href=\"https:\/\/suri.templweb.com\/en\/news\/yes-to-platform-screen-doors-on-the-yellow-line\/\"><div class=\"feed-item-thumbnail\"><img decoding=\"async\" width=\"690\" height=\"474\" src=\"https:\/\/suri.templweb.com\/wp-content\/uploads\/2025\/03\/trafiknamnden_ja_externt.png\" class=\"attachment-post-thumbnail size-post-thumbnail wp-post-image\" alt=\"karta \u00f6ver gul linje och bild p\u00e5 kvinna som \u00e4r p\u00e5 v\u00e4g ombord p\u00e5 pendelt\u00e5g fr\u00e5n en plattform med d\u00f6rrar.\" srcset=\"https:\/\/suri.templweb.com\/wp-content\/uploads\/2025\/03\/trafiknamnden_ja_externt.png 690w, https:\/\/suri.templweb.com\/wp-content\/uploads\/2025\/03\/trafiknamnden_ja_externt-300x206.png 300w, https:\/\/suri.templweb.com\/wp-content\/uploads\/2025\/03\/trafiknamnden_ja_externt-320x220.png 320w\" sizes=\"(max-width: 690px) 100vw, 690px\" \/><\/div><div class=\"feed-item-type-and-date\"><span>News 2025-03-21<\/span><\/div><div class=\"feed-item-title\"><h3>Yes to platform screen doors on the Yellow Line<\/h3><\/div><\/a><\/li><li class=\"feed-item loadMoreRepeat\"><a href=\"https:\/\/suri.templweb.com\/en\/news\/localization-study-underway-for-a-metro-to-bromma-airport-area\/\"><div class=\"feed-item-thumbnail\"><img decoding=\"async\" width=\"690\" height=\"474\" src=\"https:\/\/suri.templweb.com\/wp-content\/uploads\/2024\/10\/bromma_lokalisering_4.png\" class=\"attachment-post-thumbnail size-post-thumbnail wp-post-image\" alt=\"karta med pil mot Bromma\" srcset=\"https:\/\/suri.templweb.com\/wp-content\/uploads\/2024\/10\/bromma_lokalisering_4.png 690w, https:\/\/suri.templweb.com\/wp-content\/uploads\/2024\/10\/bromma_lokalisering_4-300x206.png 300w, https:\/\/suri.templweb.com\/wp-content\/uploads\/2024\/10\/bromma_lokalisering_4-320x220.png 320w\" sizes=\"(max-width: 690px) 100vw, 690px\" \/><\/div><div class=\"feed-item-type-and-date\"><span>News 2024-10-10<\/span><\/div><div class=\"feed-item-title\"><h3>Localization study underway for a metro to Bromma Airport area<\/h3><\/div><\/a><\/li><li class=\"feed-item loadMoreRepeat\"><a href=\"https:\/\/suri.templweb.com\/en\/news\/useful-links-for-companies-looking-to-establish-business-in-sweden\/\"><div class=\"feed-item-thumbnail\"><img decoding=\"async\" width=\"690\" height=\"474\" src=\"https:\/\/suri.templweb.com\/wp-content\/uploads\/2024\/02\/datorlankar.jpg\" class=\"attachment-post-thumbnail size-post-thumbnail wp-post-image\" alt=\"Ikon av en dator.\" srcset=\"https:\/\/suri.templweb.com\/wp-content\/uploads\/2024\/02\/datorlankar.jpg 690w, https:\/\/suri.templweb.com\/wp-content\/uploads\/2024\/02\/datorlankar-300x206.jpg 300w, https:\/\/suri.templweb.com\/wp-content\/uploads\/2024\/02\/datorlankar-320x220.jpg 320w\" sizes=\"(max-width: 690px) 100vw, 690px\" \/><\/div><div class=\"feed-item-type-and-date\"><span>News 2024-02-23<\/span><\/div><div class=\"feed-item-title\"><h3>Useful links for companies looking to establish business in Sweden<\/h3><\/div><\/a><\/li><li class=\"feed-item loadMoreRepeat\"><a href=\"https:\/\/suri.templweb.com\/en\/news\/heres-where-even-more-new-metro-lines-might-be-built\/\"><div class=\"feed-item-thumbnail\"><img decoding=\"async\" width=\"690\" height=\"474\" src=\"https:\/\/suri.templweb.com\/wp-content\/uploads\/2024\/01\/MicrosoftTeams-image-33.jpg\" class=\"attachment-post-thumbnail size-post-thumbnail wp-post-image\" alt=\"\" srcset=\"https:\/\/suri.templweb.com\/wp-content\/uploads\/2024\/01\/MicrosoftTeams-image-33.jpg 690w, https:\/\/suri.templweb.com\/wp-content\/uploads\/2024\/01\/MicrosoftTeams-image-33-300x206.jpg 300w, https:\/\/suri.templweb.com\/wp-content\/uploads\/2024\/01\/MicrosoftTeams-image-33-320x220.jpg 320w\" sizes=\"(max-width: 690px) 100vw, 690px\" \/><\/div><div class=\"feed-item-type-and-date\"><span>News 2024-01-12<\/span><\/div><div class=\"feed-item-title\"><h3>Here\u2019s where even more new metro lines might be built<\/h3><\/div><\/a><\/li><li class=\"feed-item loadMoreRepeat\"><a href=\"https:\/\/suri.templweb.com\/en\/news\/stone-cold-blasting-at-gullmarsplan\/\"><div class=\"feed-item-thumbnail\"><img decoding=\"async\" width=\"690\" height=\"388\" src=\"https:\/\/suri.templweb.com\/wp-content\/uploads\/2023\/10\/Frysning-Gullmarsplan-okt-2023_webbtopp02-1.jpg\" class=\"attachment-post-thumbnail size-post-thumbnail wp-post-image\" alt=\"\" srcset=\"https:\/\/suri.templweb.com\/wp-content\/uploads\/2023\/10\/Frysning-Gullmarsplan-okt-2023_webbtopp02-1.jpg 690w, https:\/\/suri.templweb.com\/wp-content\/uploads\/2023\/10\/Frysning-Gullmarsplan-okt-2023_webbtopp02-1-300x169.jpg 300w\" sizes=\"(max-width: 690px) 100vw, 690px\" \/><\/div><div class=\"feed-item-type-and-date\"><span>News 2023-10-12<\/span><\/div><div class=\"feed-item-title\"><h3>Stone cold blasting at Gullmarsplan<\/h3><\/div><\/a><\/li><li class=\"feed-item loadMoreRepeat\"><a href=\"https:\/\/suri.templweb.com\/en\/news\/the-yellow-line-is-planned-for-automatic-operation\/\"><div class=\"feed-item-thumbnail\"><img decoding=\"async\" width=\"690\" height=\"474\" src=\"https:\/\/suri.templweb.com\/wp-content\/uploads\/2023\/09\/forarlosttag.png\" class=\"attachment-post-thumbnail size-post-thumbnail wp-post-image\" alt=\"Karta \u00f6ver gula linjen och vyn fr\u00e5n ett f\u00f6rarl\u00f6st t\u00e5g.\" srcset=\"https:\/\/suri.templweb.com\/wp-content\/uploads\/2023\/09\/forarlosttag.png 690w, https:\/\/suri.templweb.com\/wp-content\/uploads\/2023\/09\/forarlosttag-300x206.png 300w, https:\/\/suri.templweb.com\/wp-content\/uploads\/2023\/09\/forarlosttag-320x220.png 320w\" sizes=\"(max-width: 690px) 100vw, 690px\" \/><\/div><div class=\"feed-item-type-and-date\"><span>News 2023-09-27<\/span><\/div><div class=\"feed-item-title\"><h3>The yellow line is planned for unattended train operation<\/h3><\/div><\/a><\/li><li class=\"feed-item loadMoreRepeat\"><a href=\"https:\/\/suri.templweb.com\/en\/news\/photos-look-under-ground-in-hokarangen\/\"><div class=\"feed-item-thumbnail\"><img decoding=\"async\" width=\"1200\" height=\"825\" src=\"https:\/\/suri.templweb.com\/wp-content\/uploads\/2023\/09\/20230914_110153.jpg\" class=\"attachment-post-thumbnail size-post-thumbnail wp-post-image\" alt=\"\" srcset=\"https:\/\/suri.templweb.com\/wp-content\/uploads\/2023\/09\/20230914_110153.jpg 1200w, https:\/\/suri.templweb.com\/wp-content\/uploads\/2023\/09\/20230914_110153-300x206.jpg 300w, https:\/\/suri.templweb.com\/wp-content\/uploads\/2023\/09\/20230914_110153-1024x704.jpg 1024w, https:\/\/suri.templweb.com\/wp-content\/uploads\/2023\/09\/20230914_110153-768x528.jpg 768w, https:\/\/suri.templweb.com\/wp-content\/uploads\/2023\/09\/20230914_110153-320x220.jpg 320w\" sizes=\"(max-width: 1200px) 100vw, 1200px\" \/><\/div><div class=\"feed-item-type-and-date\"><span>News 2023-09-14<\/span><\/div><div class=\"feed-item-title\"><h3>Photos: Look under ground in H\u00f6kar\u00e4ngen<\/h3><\/div><\/a><\/li><li class=\"feed-item loadMoreRepeat\"><a href=\"https:\/\/suri.templweb.com\/en\/news\/new-video-explains-expanded-depot\/\"><div class=\"feed-item-thumbnail\"><img decoding=\"async\" width=\"690\" height=\"475\" src=\"https:\/\/suri.templweb.com\/wp-content\/uploads\/2023\/06\/depaengelska.png\" class=\"attachment-post-thumbnail size-post-thumbnail wp-post-image\" alt=\"\" srcset=\"https:\/\/suri.templweb.com\/wp-content\/uploads\/2023\/06\/depaengelska.png 690w, https:\/\/suri.templweb.com\/wp-content\/uploads\/2023\/06\/depaengelska-300x207.png 300w, https:\/\/suri.templweb.com\/wp-content\/uploads\/2023\/06\/depaengelska-320x220.png 320w\" sizes=\"(max-width: 690px) 100vw, 690px\" \/><\/div><div class=\"feed-item-type-and-date\"><span>News 2023-06-20<\/span><\/div><div class=\"feed-item-title\"><h3>New video explains expanded depot<\/h3><\/div><\/a><\/li><li class=\"feed-item loadMoreRepeat\"><a href=\"https:\/\/suri.templweb.com\/en\/news\/see-the-stations-of-the-future-today\/\"><div class=\"feed-item-thumbnail\"><img decoding=\"async\" width=\"690\" height=\"475\" src=\"https:\/\/suri.templweb.com\/wp-content\/uploads\/2023\/06\/kollage-nya-visionsbilder-2.png\" class=\"attachment-post-thumbnail size-post-thumbnail wp-post-image\" alt=\"\" srcset=\"https:\/\/suri.templweb.com\/wp-content\/uploads\/2023\/06\/kollage-nya-visionsbilder-2.png 690w, https:\/\/suri.templweb.com\/wp-content\/uploads\/2023\/06\/kollage-nya-visionsbilder-2-300x207.png 300w, https:\/\/suri.templweb.com\/wp-content\/uploads\/2023\/06\/kollage-nya-visionsbilder-2-320x220.png 320w\" sizes=\"(max-width: 690px) 100vw, 690px\" \/><\/div><div class=\"feed-item-type-and-date\"><span>News 2023-06-20<\/span><\/div><div class=\"feed-item-title\"><h3>See the stations of the future today<\/h3><\/div><\/a><\/li><li class=\"feed-item loadMoreRepeat\"><a href=\"https:\/\/suri.templweb.com\/en\/news\/yellow-line-moving-south\/\"><div class=\"feed-item-thumbnail\"><img decoding=\"async\" width=\"690\" height=\"488\" src=\"https:\/\/suri.templweb.com\/wp-content\/uploads\/2023\/06\/Framtidens_tunnelbanekarta_utandepa_engelska_maj2023.jpg\" class=\"attachment-post-thumbnail size-post-thumbnail wp-post-image\" alt=\"\" srcset=\"https:\/\/suri.templweb.com\/wp-content\/uploads\/2023\/06\/Framtidens_tunnelbanekarta_utandepa_engelska_maj2023.jpg 690w, https:\/\/suri.templweb.com\/wp-content\/uploads\/2023\/06\/Framtidens_tunnelbanekarta_utandepa_engelska_maj2023-300x212.jpg 300w\" sizes=\"(max-width: 690px) 100vw, 690px\" \/><\/div><div class=\"feed-item-type-and-date\"><span>News 2023-06-20<\/span><\/div><div class=\"feed-item-title\"><h3>Yellow Line moving south<\/h3><\/div><\/a><\/li><li class=\"feed-item loadMoreRepeat\"><a href=\"https:\/\/suri.templweb.com\/en\/news\/looking-into-further-expansion-of-the-metro-system\/\"><div class=\"feed-item-thumbnail\"><img decoding=\"async\" width=\"690\" height=\"474\" src=\"https:\/\/suri.templweb.com\/wp-content\/uploads\/2023\/04\/jorgen-altin-tag.jpg\" class=\"attachment-post-thumbnail size-post-thumbnail wp-post-image\" alt=\"\" srcset=\"https:\/\/suri.templweb.com\/wp-content\/uploads\/2023\/04\/jorgen-altin-tag.jpg 690w, https:\/\/suri.templweb.com\/wp-content\/uploads\/2023\/04\/jorgen-altin-tag-300x206.jpg 300w, https:\/\/suri.templweb.com\/wp-content\/uploads\/2023\/04\/jorgen-altin-tag-320x220.jpg 320w\" sizes=\"(max-width: 690px) 100vw, 690px\" \/><\/div><div class=\"feed-item-type-and-date\"><span>News 2023-06-20<\/span><\/div><div class=\"feed-item-title\"><h3>Looking into further expansion of the metro system<\/h3><\/div><\/a><\/li><li class=\"feed-item loadMoreRepeat\"><a href=\"https:\/\/suri.templweb.com\/en\/news\/full-speed-above-and-under-ground-in-nacka\/\"><div class=\"feed-item-thumbnail\"><img decoding=\"async\" width=\"690\" height=\"474\" src=\"https:\/\/suri.templweb.com\/wp-content\/uploads\/2023\/06\/station_nacka_kollage.png\" class=\"attachment-post-thumbnail size-post-thumbnail wp-post-image\" alt=\"\" srcset=\"https:\/\/suri.templweb.com\/wp-content\/uploads\/2023\/06\/station_nacka_kollage.png 690w, https:\/\/suri.templweb.com\/wp-content\/uploads\/2023\/06\/station_nacka_kollage-300x206.png 300w, https:\/\/suri.templweb.com\/wp-content\/uploads\/2023\/06\/station_nacka_kollage-320x220.png 320w\" sizes=\"(max-width: 690px) 100vw, 690px\" \/><\/div><div class=\"feed-item-type-and-date\"><span>News 2023-06-19<\/span><\/div><div class=\"feed-item-title\"><h3>Full speed above and under ground in Nacka<\/h3><\/div><\/a><\/li><li class=\"feed-item loadMoreRepeat\"><a href=\"https:\/\/suri.templweb.com\/en\/news\/underground-experiments-for-enhanced-health-and-safety\/\"><div class=\"feed-item-thumbnail\"><img decoding=\"async\" width=\"690\" height=\"474\" src=\"https:\/\/suri.templweb.com\/wp-content\/uploads\/2023\/03\/bultarwebb.png\" class=\"attachment-post-thumbnail size-post-thumbnail wp-post-image\" alt=\"Tv\u00e5 delad bild. Kalle Pelikinen i gula arbetskl\u00e4der och hj\u00e4lm g\u00f6r tumme upp. Andra delen en hytt i en bultmaskin.\" srcset=\"https:\/\/suri.templweb.com\/wp-content\/uploads\/2023\/03\/bultarwebb.png 690w, https:\/\/suri.templweb.com\/wp-content\/uploads\/2023\/03\/bultarwebb-300x206.png 300w, https:\/\/suri.templweb.com\/wp-content\/uploads\/2023\/03\/bultarwebb-320x220.png 320w\" sizes=\"(max-width: 690px) 100vw, 690px\" \/><\/div><div class=\"feed-item-type-and-date\"><span>News 2023-03-28<\/span><\/div><div class=\"feed-item-title\"><h3>Underground experiments for enhanced health and safety\u00a0<\/h3><\/div><\/a><\/li><li class=\"feed-item loadMoreRepeat\"><a href=\"https:\/\/suri.templweb.com\/en\/news\/cool-tunnel-works-here-the-rock-will-be-frozen\/\"><div class=\"feed-item-thumbnail\"><img decoding=\"async\" width=\"690\" height=\"475\" src=\"https:\/\/suri.templweb.com\/wp-content\/uploads\/2023\/03\/borrning_frysning_martensdal_-_foto_OHLA_03.jpg\" class=\"attachment-post-thumbnail size-post-thumbnail wp-post-image\" alt=\"\" srcset=\"https:\/\/suri.templweb.com\/wp-content\/uploads\/2023\/03\/borrning_frysning_martensdal_-_foto_OHLA_03.jpg 690w, https:\/\/suri.templweb.com\/wp-content\/uploads\/2023\/03\/borrning_frysning_martensdal_-_foto_OHLA_03-300x207.jpg 300w, https:\/\/suri.templweb.com\/wp-content\/uploads\/2023\/03\/borrning_frysning_martensdal_-_foto_OHLA_03-320x220.jpg 320w\" sizes=\"(max-width: 690px) 100vw, 690px\" \/><\/div><div class=\"feed-item-type-and-date\"><span>News 2023-03-02<\/span><\/div><div class=\"feed-item-title\"><h3>Cool tunnel works - here the rock will be frozen<\/h3><\/div><\/a><\/li><li class=\"feed-item loadMoreRepeat\"><a href=\"https:\/\/suri.templweb.com\/en\/news\/this-is-the-first-time-that-the-metro-is-being-built-with-a-large-drill\/\"><div class=\"feed-item-thumbnail\"><img decoding=\"async\" width=\"800\" height=\"550\" src=\"https:\/\/suri.templweb.com\/wp-content\/uploads\/2023\/01\/DSC04181_TomasArlemo_full_res.jpg\" class=\"attachment-post-thumbnail size-post-thumbnail wp-post-image\" alt=\"\" srcset=\"https:\/\/suri.templweb.com\/wp-content\/uploads\/2023\/01\/DSC04181_TomasArlemo_full_res.jpg 800w, https:\/\/suri.templweb.com\/wp-content\/uploads\/2023\/01\/DSC04181_TomasArlemo_full_res-300x206.jpg 300w, https:\/\/suri.templweb.com\/wp-content\/uploads\/2023\/01\/DSC04181_TomasArlemo_full_res-768x528.jpg 768w, https:\/\/suri.templweb.com\/wp-content\/uploads\/2023\/01\/DSC04181_TomasArlemo_full_res-320x220.jpg 320w\" sizes=\"(max-width: 800px) 100vw, 800px\" \/><\/div><div class=\"feed-item-type-and-date\"><span>News 2023-01-30<\/span><\/div><div class=\"feed-item-title\"><h3>This is the first time that the metro is being built with a large drill<\/h3><\/div><\/a><\/li><li class=\"feed-item loadMoreRepeat\"><a href=\"https:\/\/suri.templweb.com\/en\/?post_type=post&p=19097\"><div class=\"feed-item-thumbnail\"><img decoding=\"async\" width=\"800\" height=\"550\" src=\"https:\/\/suri.templweb.com\/wp-content\/uploads\/2022\/12\/MicrosoftTeams-image-10.png\" class=\"attachment-post-thumbnail size-post-thumbnail wp-post-image\" alt=\"Illustration av en borrigg i en tunnel och siffran 61 l\u00e4ngst upp till h\u00f6ger.\" srcset=\"https:\/\/suri.templweb.com\/wp-content\/uploads\/2022\/12\/MicrosoftTeams-image-10.png 800w, https:\/\/suri.templweb.com\/wp-content\/uploads\/2022\/12\/MicrosoftTeams-image-10-300x206.png 300w, https:\/\/suri.templweb.com\/wp-content\/uploads\/2022\/12\/MicrosoftTeams-image-10-768x528.png 768w, https:\/\/suri.templweb.com\/wp-content\/uploads\/2022\/12\/MicrosoftTeams-image-10-320x220.png 320w\" sizes=\"(max-width: 800px) 100vw, 800px\" \/><\/div><div class=\"feed-item-type-and-date\"><span>News 2022-12-19<\/span><\/div><div class=\"feed-item-title\"><h3>Blasting is now being performed at 61 sites simultaneously<\/h3><\/div><\/a><\/li><li class=\"feed-item loadMoreRepeat\"><a href=\"https:\/\/suri.templweb.com\/en\/?post_type=post&p=18985\"><div class=\"feed-item-thumbnail\"><img decoding=\"async\" width=\"800\" height=\"550\" src=\"https:\/\/suri.templweb.com\/wp-content\/uploads\/2022\/12\/utslappsmal_800_2.png\" class=\"attachment-post-thumbnail size-post-thumbnail wp-post-image\" alt=\"Collage med foto p\u00e5 en gr\u00e4vskopa och illustration p\u00e5\" srcset=\"https:\/\/suri.templweb.com\/wp-content\/uploads\/2022\/12\/utslappsmal_800_2.png 800w, https:\/\/suri.templweb.com\/wp-content\/uploads\/2022\/12\/utslappsmal_800_2-300x206.png 300w, https:\/\/suri.templweb.com\/wp-content\/uploads\/2022\/12\/utslappsmal_800_2-768x528.png 768w, https:\/\/suri.templweb.com\/wp-content\/uploads\/2022\/12\/utslappsmal_800_2-320x220.png 320w\" sizes=\"(max-width: 800px) 100vw, 800px\" \/><\/div><div class=\"feed-item-type-and-date\"><span>News 2022-12-05<\/span><\/div><div class=\"feed-item-title\"><h3>Tunnel work exceeds climate goals<\/h3><\/div><\/a><\/li><li class=\"feed-item loadMoreRepeat\"><a href=\"https:\/\/suri.templweb.com\/en\/?post_type=post&p=18990\"><div class=\"feed-item-thumbnail\"><img decoding=\"async\" width=\"800\" height=\"550\" src=\"https:\/\/suri.templweb.com\/wp-content\/uploads\/2022\/11\/slutstationer_800.png\" class=\"attachment-post-thumbnail size-post-thumbnail wp-post-image\" alt=\"Visionsbilder av stationerna Barkarby, Nacka och Arenastaden\" srcset=\"https:\/\/suri.templweb.com\/wp-content\/uploads\/2022\/11\/slutstationer_800.png 800w, https:\/\/suri.templweb.com\/wp-content\/uploads\/2022\/11\/slutstationer_800-300x206.png 300w, https:\/\/suri.templweb.com\/wp-content\/uploads\/2022\/11\/slutstationer_800-768x528.png 768w, https:\/\/suri.templweb.com\/wp-content\/uploads\/2022\/11\/slutstationer_800-320x220.png 320w\" sizes=\"(max-width: 800px) 100vw, 800px\" \/><\/div><div class=\"feed-item-type-and-date\"><span>News 2022-11-17<\/span><\/div><div class=\"feed-item-title\"><h3>End of the line today \u2013 but maybe not tomorrow<\/h3><\/div><\/a><\/li><li class=\"feed-item loadMoreRepeat\"><a href=\"https:\/\/suri.templweb.com\/en\/?post_type=post&p=18997\"><div class=\"feed-item-thumbnail\"><img decoding=\"async\" width=\"800\" height=\"550\" src=\"https:\/\/suri.templweb.com\/wp-content\/uploads\/2022\/10\/Langden-och-tvaren-toppbild.jpg\" class=\"attachment-post-thumbnail size-post-thumbnail wp-post-image\" alt=\"\" srcset=\"https:\/\/suri.templweb.com\/wp-content\/uploads\/2022\/10\/Langden-och-tvaren-toppbild.jpg 800w, https:\/\/suri.templweb.com\/wp-content\/uploads\/2022\/10\/Langden-och-tvaren-toppbild-300x206.jpg 300w, https:\/\/suri.templweb.com\/wp-content\/uploads\/2022\/10\/Langden-och-tvaren-toppbild-768x528.jpg 768w, https:\/\/suri.templweb.com\/wp-content\/uploads\/2022\/10\/Langden-och-tvaren-toppbild-320x220.jpg 320w\" sizes=\"(max-width: 800px) 100vw, 800px\" \/><\/div><div class=\"feed-item-type-and-date\"><span>News 2022-10-27<\/span><\/div><div class=\"feed-item-title\"><h3>A patchwork of tunnels<\/h3><\/div><\/a><\/li><li class=\"feed-item loadMoreRepeat\"><a href=\"https:\/\/suri.templweb.com\/en\/?post_type=post&p=19001\"><div class=\"feed-item-thumbnail\"><img decoding=\"async\" width=\"700\" height=\"525\" src=\"https:\/\/suri.templweb.com\/wp-content\/uploads\/2022\/04\/7715-Sofia-Stigbergsparken-2022-03-24-3.jpg\" class=\"attachment-post-thumbnail size-post-thumbnail wp-post-image\" alt=\"Sekantp\u00e5lning i Stigbergsparken\" srcset=\"https:\/\/suri.templweb.com\/wp-content\/uploads\/2022\/04\/7715-Sofia-Stigbergsparken-2022-03-24-3.jpg 700w, https:\/\/suri.templweb.com\/wp-content\/uploads\/2022\/04\/7715-Sofia-Stigbergsparken-2022-03-24-3-300x225.jpg 300w, https:\/\/suri.templweb.com\/wp-content\/uploads\/2022\/04\/7715-Sofia-Stigbergsparken-2022-03-24-3-600x450.jpg 600w\" sizes=\"(max-width: 700px) 100vw, 700px\" \/><\/div><div class=\"feed-item-type-and-date\"><span>News 2022-10-20<\/span><\/div><div class=\"feed-item-title\"><h3>Securing lift shaft walls a challenging task<\/h3><\/div><\/a><\/li><li class=\"feed-item loadMoreRepeat\"><a href=\"https:\/\/suri.templweb.com\/en\/?post_type=post&p=18970\"><div class=\"feed-item-thumbnail\"><img decoding=\"async\" width=\"800\" height=\"550\" src=\"https:\/\/suri.templweb.com\/wp-content\/uploads\/2022\/10\/klaratunnlar_800-1.png\" class=\"attachment-post-thumbnail size-post-thumbnail wp-post-image\" alt=\"karta med f\u00e4rdga tunnlar och en inklippt borrigg\" srcset=\"https:\/\/suri.templweb.com\/wp-content\/uploads\/2022\/10\/klaratunnlar_800-1.png 800w, https:\/\/suri.templweb.com\/wp-content\/uploads\/2022\/10\/klaratunnlar_800-1-300x206.png 300w, https:\/\/suri.templweb.com\/wp-content\/uploads\/2022\/10\/klaratunnlar_800-1-768x528.png 768w, https:\/\/suri.templweb.com\/wp-content\/uploads\/2022\/10\/klaratunnlar_800-1-320x220.png 320w\" sizes=\"(max-width: 800px) 100vw, 800px\" \/><\/div><div class=\"feed-item-type-and-date\"><span>News 2022-10-13<\/span><\/div><div class=\"feed-item-title\"><h3>The tunnels are growing day by day \u2013 here\u2019s everything that\u2019s good to go<\/h3><\/div><\/a><\/li><li class=\"feed-item loadMoreRepeat\"><a href=\"https:\/\/suri.templweb.com\/en\/?post_type=post&p=17567\"><div class=\"feed-item-thumbnail\"><img decoding=\"async\" width=\"800\" height=\"550\" src=\"https:\/\/suri.templweb.com\/wp-content\/uploads\/2022\/09\/betongarbete_barkarby_1.jpg\" class=\"attachment-post-thumbnail size-post-thumbnail wp-post-image\" alt=\"\" srcset=\"https:\/\/suri.templweb.com\/wp-content\/uploads\/2022\/09\/betongarbete_barkarby_1.jpg 800w, https:\/\/suri.templweb.com\/wp-content\/uploads\/2022\/09\/betongarbete_barkarby_1-300x206.jpg 300w, https:\/\/suri.templweb.com\/wp-content\/uploads\/2022\/09\/betongarbete_barkarby_1-768x528.jpg 768w, https:\/\/suri.templweb.com\/wp-content\/uploads\/2022\/09\/betongarbete_barkarby_1-320x220.jpg 320w\" sizes=\"(max-width: 800px) 100vw, 800px\" \/><\/div><div class=\"feed-item-type-and-date\"><span>News 2022-09-08<\/span><\/div><div class=\"feed-item-title\"><h3>Turning a cavern into a new metro begins with concrete<\/h3><\/div><\/a><\/li><li class=\"feed-item loadMoreRepeat\"><a href=\"https:\/\/suri.templweb.com\/en\/?post_type=post&p=17581\"><div class=\"feed-item-thumbnail\"><img decoding=\"async\" width=\"1200\" height=\"675\" src=\"https:\/\/suri.templweb.com\/wp-content\/uploads\/2022\/09\/Stockholm-vatten-klipp.00_02_10_18.Still001-01-1200x675.jpg\" class=\"attachment-post-thumbnail size-post-thumbnail wp-post-image\" alt=\"Bild p\u00e5 S\u00f6dermalm och Saltsj\u00f6n sett fr\u00e5n Skeppsholmen\" srcset=\"https:\/\/suri.templweb.com\/wp-content\/uploads\/2022\/09\/Stockholm-vatten-klipp.00_02_10_18.Still001-01-1200x675.jpg 1200w, https:\/\/suri.templweb.com\/wp-content\/uploads\/2022\/09\/Stockholm-vatten-klipp.00_02_10_18.Still001-01-300x169.jpg 300w, https:\/\/suri.templweb.com\/wp-content\/uploads\/2022\/09\/Stockholm-vatten-klipp.00_02_10_18.Still001-01-1024x576.jpg 1024w, https:\/\/suri.templweb.com\/wp-content\/uploads\/2022\/09\/Stockholm-vatten-klipp.00_02_10_18.Still001-01-768x432.jpg 768w, https:\/\/suri.templweb.com\/wp-content\/uploads\/2022\/09\/Stockholm-vatten-klipp.00_02_10_18.Still001-01-1536x864.jpg 1536w, https:\/\/suri.templweb.com\/wp-content\/uploads\/2022\/09\/Stockholm-vatten-klipp.00_02_10_18.Still001-01-2048x1152.jpg 2048w, https:\/\/suri.templweb.com\/wp-content\/uploads\/2022\/09\/Stockholm-vatten-klipp.00_02_10_18.Still001-01-1980x1114.jpg 1980w\" sizes=\"(max-width: 1200px) 100vw, 1200px\" \/><\/div><div class=\"feed-item-type-and-date\"><span>News 2022-09-07<\/span><\/div><div class=\"feed-item-title\"><h3>Tunnels under water \u2013 how does that work?\u00a0 \u00a0<\/h3><\/div><\/a><\/li><li class=\"feed-item loadMoreRepeat\"><a href=\"https:\/\/suri.templweb.com\/en\/?post_type=post&p=17565\"><div class=\"feed-item-thumbnail\"><img decoding=\"async\" width=\"800\" height=\"550\" src=\"https:\/\/suri.templweb.com\/wp-content\/uploads\/2022\/08\/MicrosoftTeams-image-3.png\" class=\"attachment-post-thumbnail size-post-thumbnail wp-post-image\" alt=\"Collagebild med illustration \u00f6ver nya tunnelbanan samt ett t\u00e5g som servas i en dep\u00e5.\" srcset=\"https:\/\/suri.templweb.com\/wp-content\/uploads\/2022\/08\/MicrosoftTeams-image-3.png 800w, https:\/\/suri.templweb.com\/wp-content\/uploads\/2022\/08\/MicrosoftTeams-image-3-300x206.png 300w, https:\/\/suri.templweb.com\/wp-content\/uploads\/2022\/08\/MicrosoftTeams-image-3-768x528.png 768w, https:\/\/suri.templweb.com\/wp-content\/uploads\/2022\/08\/MicrosoftTeams-image-3-320x220.png 320w\" sizes=\"(max-width: 800px) 100vw, 800px\" \/><\/div><div class=\"feed-item-type-and-date\"><span>News 2022-08-26<\/span><\/div><div class=\"feed-item-title\"><h3>The heart is key<\/h3><\/div><\/a><\/li><li class=\"feed-item loadMoreRepeat\"><a href=\"https:\/\/suri.templweb.com\/en\/?post_type=post&p=17589\"><div class=\"feed-item-thumbnail\"><img decoding=\"async\" width=\"1200\" height=\"674\" src=\"https:\/\/suri.templweb.com\/wp-content\/uploads\/2022\/06\/UDF-pa-Youtube-1200x674.jpg\" class=\"attachment-post-thumbnail size-post-thumbnail wp-post-image\" alt=\"Sk\u00e4rmdump fr\u00e5n Under dina f\u00f6tter p\u00e5 Youtube. Ett tunnelbanet\u00e5g g\u00e5r i Stockholm.\" srcset=\"https:\/\/suri.templweb.com\/wp-content\/uploads\/2022\/06\/UDF-pa-Youtube-1200x674.jpg 1200w, https:\/\/suri.templweb.com\/wp-content\/uploads\/2022\/06\/UDF-pa-Youtube-300x169.jpg 300w, https:\/\/suri.templweb.com\/wp-content\/uploads\/2022\/06\/UDF-pa-Youtube-1024x575.jpg 1024w, https:\/\/suri.templweb.com\/wp-content\/uploads\/2022\/06\/UDF-pa-Youtube-768x431.jpg 768w, https:\/\/suri.templweb.com\/wp-content\/uploads\/2022\/06\/UDF-pa-Youtube.jpg 1280w\" sizes=\"(max-width: 1200px) 100vw, 1200px\" \/><\/div><div class=\"feed-item-type-and-date\"><span>News 2022-06-29<\/span><\/div><div class=\"feed-item-title\"><h3>New series on what\u2019s happening under your feet<\/h3><\/div><\/a><\/li><li class=\"feed-item loadMoreRepeat\"><a href=\"https:\/\/suri.templweb.com\/en\/?post_type=post&p=13772\"><div class=\"feed-item-thumbnail\"><img decoding=\"async\" width=\"800\" height=\"550\" src=\"https:\/\/suri.templweb.com\/wp-content\/uploads\/2021\/12\/upphandlingar2021.png\" class=\"attachment-post-thumbnail size-post-thumbnail wp-post-image\" alt=\"\" srcset=\"https:\/\/suri.templweb.com\/wp-content\/uploads\/2021\/12\/upphandlingar2021.png 800w, https:\/\/suri.templweb.com\/wp-content\/uploads\/2021\/12\/upphandlingar2021-300x206.png 300w, https:\/\/suri.templweb.com\/wp-content\/uploads\/2021\/12\/upphandlingar2021-768x528.png 768w, https:\/\/suri.templweb.com\/wp-content\/uploads\/2021\/12\/upphandlingar2021-320x220.png 320w\" sizes=\"(max-width: 800px) 100vw, 800px\" \/><\/div><div class=\"feed-item-type-and-date\"><span>News 2021-12-21<\/span><\/div><div class=\"feed-item-title\"><h3>Check on all larger rock contracts<\/h3><\/div><\/a><\/li><li class=\"feed-item loadMoreRepeat\"><a href=\"https:\/\/suri.templweb.com\/en\/?post_type=post&p=5234\"><div class=\"feed-item-thumbnail\"><img decoding=\"async\" width=\"700\" height=\"440\" src=\"https:\/\/suri.templweb.com\/wp-content\/uploads\/2021\/03\/Arbetsmiljorond-Skvaltan-01.jpg\" class=\"attachment-post-thumbnail size-post-thumbnail wp-post-image\" alt=\"\" srcset=\"https:\/\/suri.templweb.com\/wp-content\/uploads\/2021\/03\/Arbetsmiljorond-Skvaltan-01.jpg 700w, https:\/\/suri.templweb.com\/wp-content\/uploads\/2021\/03\/Arbetsmiljorond-Skvaltan-01-300x189.jpg 300w\" sizes=\"(max-width: 700px) 100vw, 700px\" \/><\/div><div class=\"feed-item-type-and-date\"><span>News 2021-04-08<\/span><\/div><div class=\"feed-item-title\"><h3>Cooperation is key to a good work environment<\/h3><\/div><\/a><\/li><li class=\"feed-item loadMoreRepeat\"><a href=\"https:\/\/suri.templweb.com\/en\/?post_type=post&p=5233\"><div class=\"feed-item-thumbnail\"><img decoding=\"async\" width=\"700\" height=\"440\" src=\"https:\/\/suri.templweb.com\/wp-content\/uploads\/2021\/02\/Tag-kor-in-till-depan-i-Hogdalen.jpg\" class=\"attachment-post-thumbnail size-post-thumbnail wp-post-image\" alt=\"\" srcset=\"https:\/\/suri.templweb.com\/wp-content\/uploads\/2021\/02\/Tag-kor-in-till-depan-i-Hogdalen.jpg 700w, https:\/\/suri.templweb.com\/wp-content\/uploads\/2021\/02\/Tag-kor-in-till-depan-i-Hogdalen-300x189.jpg 300w\" sizes=\"(max-width: 700px) 100vw, 700px\" \/><\/div><div class=\"feed-item-type-and-date\"><span>News 2021-04-08<\/span><\/div><div class=\"feed-item-title\"><h3>H\u00f6gdalen depot is the heart of the new metro<\/h3><\/div><\/a><\/li><li class=\"feed-item loadMoreRepeat\"><a href=\"https:\/\/suri.templweb.com\/en\/?post_type=post&p=1246\"><div class=\"feed-item-thumbnail\"><img decoding=\"async\" width=\"700\" height=\"440\" src=\"https:\/\/suri.templweb.com\/wp-content\/uploads\/2021\/02\/hjarta_externa_1.png\" class=\"attachment-post-thumbnail size-post-thumbnail wp-post-image\" alt=\"En maskin st\u00e5r framf\u00f6r en tunnel\u00f6ppning i berget. Inne i tunneln syns ett r\u00f6tt hj\u00e4rta (kollage).\" srcset=\"https:\/\/suri.templweb.com\/wp-content\/uploads\/2021\/02\/hjarta_externa_1.png 700w, https:\/\/suri.templweb.com\/wp-content\/uploads\/2021\/02\/hjarta_externa_1-300x189.png 300w\" sizes=\"(max-width: 700px) 100vw, 700px\" \/><\/div><div class=\"feed-item-type-and-date\"><span>News 2021-04-08<\/span><\/div><div class=\"feed-item-title\"><h3>Still a popular expansion \u2013 despite construction disruptions and interruptions<\/h3><\/div><\/a><\/li><li class=\"feed-item loadMoreRepeat\"><a href=\"https:\/\/suri.templweb.com\/en\/?post_type=post&p=5226\"><div class=\"feed-item-thumbnail\"><img decoding=\"async\" width=\"700\" height=\"440\" src=\"https:\/\/suri.templweb.com\/wp-content\/uploads\/2021\/02\/klipp_plattform_barkarby_feb2021_P1012934.00_00_28_02.Still007.jpg\" class=\"attachment-post-thumbnail size-post-thumbnail wp-post-image\" alt=\"\" srcset=\"https:\/\/suri.templweb.com\/wp-content\/uploads\/2021\/02\/klipp_plattform_barkarby_feb2021_P1012934.00_00_28_02.Still007.jpg 700w, https:\/\/suri.templweb.com\/wp-content\/uploads\/2021\/02\/klipp_plattform_barkarby_feb2021_P1012934.00_00_28_02.Still007-300x189.jpg 300w\" sizes=\"(max-width: 700px) 100vw, 700px\" \/><\/div><div class=\"feed-item-type-and-date\"><span>News 2021-03-23<\/span><\/div><div class=\"feed-item-title\"><h3>See the first platform for the metro<\/h3><\/div><\/a><\/li><li class=\"feed-item loadMoreRepeat\"><a href=\"https:\/\/suri.templweb.com\/en\/?post_type=post&p=1222\"><div class=\"feed-item-thumbnail\"><img decoding=\"async\" width=\"700\" height=\"440\" src=\"https:\/\/suri.templweb.com\/wp-content\/uploads\/2021\/02\/bergniklas.png\" class=\"attachment-post-thumbnail size-post-thumbnail wp-post-image\" alt=\"\" srcset=\"https:\/\/suri.templweb.com\/wp-content\/uploads\/2021\/02\/bergniklas.png 700w, https:\/\/suri.templweb.com\/wp-content\/uploads\/2021\/02\/bergniklas-300x189.png 300w\" sizes=\"(max-width: 700px) 100vw, 700px\" \/><\/div><div class=\"feed-item-type-and-date\"><span>News 2021-03-23<\/span><\/div><div class=\"feed-item-title\"><h3>Positive message from the government regarding rubble<\/h3><\/div><\/a><\/li><li class=\"feed-item loadMoreRepeat\"><a href=\"https:\/\/suri.templweb.com\/en\/?post_type=post&p=5225\"><div class=\"feed-item-thumbnail\"><img decoding=\"async\" width=\"700\" height=\"440\" src=\"https:\/\/suri.templweb.com\/wp-content\/uploads\/2021\/02\/Forsiktigt-under-KS.jpg\" class=\"attachment-post-thumbnail size-post-thumbnail wp-post-image\" alt=\"\" srcset=\"https:\/\/suri.templweb.com\/wp-content\/uploads\/2021\/02\/Forsiktigt-under-KS.jpg 700w, https:\/\/suri.templweb.com\/wp-content\/uploads\/2021\/02\/Forsiktigt-under-KS-300x189.jpg 300w\" sizes=\"(max-width: 700px) 100vw, 700px\" \/><\/div><div class=\"feed-item-type-and-date\"><span>News 2021-03-23<\/span><\/div><div class=\"feed-item-title\"><h3>Careful work under Karolinska<\/h3><\/div><\/a><\/li><li class=\"feed-item loadMoreRepeat\"><a href=\"https:\/\/suri.templweb.com\/en\/?post_type=post&p=5204\"><div class=\"feed-item-thumbnail\"><img decoding=\"async\" width=\"700\" height=\"440\" src=\"https:\/\/suri.templweb.com\/wp-content\/uploads\/2020\/12\/Tunnelkartering3_0.jpg\" class=\"attachment-post-thumbnail size-post-thumbnail wp-post-image\" alt=\"\" srcset=\"https:\/\/suri.templweb.com\/wp-content\/uploads\/2020\/12\/Tunnelkartering3_0.jpg 700w, https:\/\/suri.templweb.com\/wp-content\/uploads\/2020\/12\/Tunnelkartering3_0-300x189.jpg 300w\" sizes=\"(max-width: 700px) 100vw, 700px\" \/><\/div><div class=\"feed-item-type-and-date\"><span>News 2021-01-07<\/span><\/div><div class=\"feed-item-title\"><h3>The mountain accommodating the new metro<\/h3><\/div><\/a><\/li><li class=\"feed-item loadMoreRepeat\"><a href=\"https:\/\/suri.templweb.com\/en\/?post_type=post&p=5203\"><div class=\"feed-item-thumbnail\"><img decoding=\"async\" width=\"700\" height=\"440\" src=\"https:\/\/suri.templweb.com\/wp-content\/uploads\/2020\/12\/tunnelkorsning.jpg\" class=\"attachment-post-thumbnail size-post-thumbnail wp-post-image\" alt=\"\" srcset=\"https:\/\/suri.templweb.com\/wp-content\/uploads\/2020\/12\/tunnelkorsning.jpg 700w, https:\/\/suri.templweb.com\/wp-content\/uploads\/2020\/12\/tunnelkorsning-300x189.jpg 300w\" sizes=\"(max-width: 700px) 100vw, 700px\" \/><\/div><div class=\"feed-item-type-and-date\"><span>News 2021-01-07<\/span><\/div><div class=\"feed-item-title\"><h3>Close quarter between the bypass and the new metro<\/h3><\/div><\/a><\/li><li class=\"feed-item loadMoreRepeat\"><a href=\"https:\/\/suri.templweb.com\/en\/?post_type=post&p=5202\"><div class=\"feed-item-thumbnail\"><img decoding=\"async\" width=\"700\" height=\"440\" src=\"https:\/\/suri.templweb.com\/wp-content\/uploads\/2020\/11\/Tomma-tunnlar.png\" class=\"attachment-post-thumbnail size-post-thumbnail wp-post-image\" alt=\"\" srcset=\"https:\/\/suri.templweb.com\/wp-content\/uploads\/2020\/11\/Tomma-tunnlar.png 700w, https:\/\/suri.templweb.com\/wp-content\/uploads\/2020\/11\/Tomma-tunnlar-300x189.png 300w\" sizes=\"(max-width: 700px) 100vw, 700px\" \/><\/div><div class=\"feed-item-type-and-date\"><span>News 2021-01-07<\/span><\/div><div class=\"feed-item-title\"><h3>How empty tunnels become a metro<\/h3><\/div><\/a><\/li><li class=\"feed-item loadMoreRepeat\"><a href=\"https:\/\/suri.templweb.com\/en\/?post_type=post&p=5141\"><div class=\"feed-item-thumbnail\"><img decoding=\"async\" width=\"778\" height=\"489\" src=\"https:\/\/suri.templweb.com\/wp-content\/uploads\/2020\/04\/71e440ab-9b41-4123-a17c-72fdad18c559.jpg\" class=\"attachment-post-thumbnail size-post-thumbnail wp-post-image\" alt=\"\" srcset=\"https:\/\/suri.templweb.com\/wp-content\/uploads\/2020\/04\/71e440ab-9b41-4123-a17c-72fdad18c559.jpg 778w, https:\/\/suri.templweb.com\/wp-content\/uploads\/2020\/04\/71e440ab-9b41-4123-a17c-72fdad18c559-300x189.jpg 300w, https:\/\/suri.templweb.com\/wp-content\/uploads\/2020\/04\/71e440ab-9b41-4123-a17c-72fdad18c559-768x483.jpg 768w\" sizes=\"(max-width: 778px) 100vw, 778px\" \/><\/div><div class=\"feed-item-type-and-date\"><span>News 2020-04-15<\/span><\/div><div class=\"feed-item-title\"><h3>A first blast in S\u00f6dermalm<\/h3><\/div><\/a><\/li><li class=\"feed-item loadMoreRepeat\"><a href=\"https:\/\/suri.templweb.com\/en\/?post_type=post&p=5117\"><div class=\"feed-item-thumbnail\"><img decoding=\"async\" width=\"700\" height=\"440\" src=\"https:\/\/suri.templweb.com\/wp-content\/uploads\/2019\/11\/blasieholmen_700_3.jpg\" class=\"attachment-post-thumbnail size-post-thumbnail wp-post-image\" alt=\"\" srcset=\"https:\/\/suri.templweb.com\/wp-content\/uploads\/2019\/11\/blasieholmen_700_3.jpg 700w, https:\/\/suri.templweb.com\/wp-content\/uploads\/2019\/11\/blasieholmen_700_3-300x189.jpg 300w\" sizes=\"(max-width: 700px) 100vw, 700px\" \/><\/div><div class=\"feed-item-type-and-date\"><span>News 2019-12-04<\/span><\/div><div class=\"feed-item-title\"><h3>Results from transportation tests<\/h3><\/div><\/a><\/li><li class=\"feed-item loadMoreRepeat\"><a href=\"https:\/\/suri.templweb.com\/en\/?post_type=post&p=5105\"><div class=\"feed-item-thumbnail\"><img decoding=\"async\" width=\"700\" height=\"440\" src=\"https:\/\/suri.templweb.com\/wp-content\/uploads\/2019\/10\/Karta-FP-A_Extern.jpg\" class=\"attachment-post-thumbnail size-post-thumbnail wp-post-image\" alt=\"\" srcset=\"https:\/\/suri.templweb.com\/wp-content\/uploads\/2019\/10\/Karta-FP-A_Extern.jpg 700w, https:\/\/suri.templweb.com\/wp-content\/uploads\/2019\/10\/Karta-FP-A_Extern-300x189.jpg 300w\" sizes=\"(max-width: 700px) 100vw, 700px\" \/><\/div><div class=\"feed-item-type-and-date\"><span>News 2019-10-15<\/span><\/div><div class=\"feed-item-title\"><h3>Planning for the new line starts in 2020<\/h3><\/div><\/a><\/li><li class=\"feed-item loadMoreRepeat\"><a href=\"https:\/\/suri.templweb.com\/en\/?post_type=post&p=5103\"><div class=\"feed-item-thumbnail\"><img decoding=\"async\" width=\"700\" height=\"441\" src=\"https:\/\/suri.templweb.com\/wp-content\/uploads\/2019\/10\/Blasieholmen-700-E.png\" class=\"attachment-post-thumbnail size-post-thumbnail wp-post-image\" alt=\"\" srcset=\"https:\/\/suri.templweb.com\/wp-content\/uploads\/2019\/10\/Blasieholmen-700-E.png 700w, https:\/\/suri.templweb.com\/wp-content\/uploads\/2019\/10\/Blasieholmen-700-E-300x189.png 300w\" sizes=\"(max-width: 700px) 100vw, 700px\" \/><\/div><div class=\"feed-item-type-and-date\"><span>News 2019-10-08<\/span><\/div><div class=\"feed-item-title\"><h3>Testing of rock transporting by boat on Blasieholmen<\/h3><\/div><\/a><\/li><li class=\"feed-item loadMoreRepeat\"><a href=\"https:\/\/suri.templweb.com\/en\/?post_type=post&p=709\"><div class=\"feed-item-thumbnail\"><img decoding=\"async\" width=\"700\" height=\"440\" src=\"https:\/\/suri.templweb.com\/wp-content\/uploads\/2019\/08\/Kungstradgarden_700.jpg\" class=\"attachment-post-thumbnail size-post-thumbnail wp-post-image\" alt=\"\" srcset=\"https:\/\/suri.templweb.com\/wp-content\/uploads\/2019\/08\/Kungstradgarden_700.jpg 700w, https:\/\/suri.templweb.com\/wp-content\/uploads\/2019\/08\/Kungstradgarden_700-300x189.jpg 300w\" sizes=\"(max-width: 700px) 100vw, 700px\" \/><\/div><div class=\"feed-item-type-and-date\"><span>News 2019-09-09<\/span><\/div><div class=\"feed-item-title\"><h3>Tracks cut in preparation for tunnel construction<\/h3><\/div><\/a><\/li><li class=\"feed-item loadMoreRepeat\"><a href=\"https:\/\/suri.templweb.com\/en\/?post_type=post&p=702\"><div class=\"feed-item-thumbnail\"><img decoding=\"async\" width=\"700\" height=\"440\" src=\"https:\/\/suri.templweb.com\/wp-content\/uploads\/2019\/08\/jorgen_niklasson_malin_harders_20190703.jpg\" class=\"attachment-post-thumbnail size-post-thumbnail wp-post-image\" alt=\"\" srcset=\"https:\/\/suri.templweb.com\/wp-content\/uploads\/2019\/08\/jorgen_niklasson_malin_harders_20190703.jpg 700w, https:\/\/suri.templweb.com\/wp-content\/uploads\/2019\/08\/jorgen_niklasson_malin_harders_20190703-300x189.jpg 300w\" sizes=\"(max-width: 700px) 100vw, 700px\" \/><\/div><div class=\"feed-item-type-and-date\"><span>News 2019-08-28<\/span><\/div><div class=\"feed-item-title\"><h3>Final stage for the Yellow line<\/h3><\/div><\/a><\/li><li class=\"feed-item loadMoreRepeat\"><a href=\"https:\/\/suri.templweb.com\/en\/?post_type=post&p=5096\"><div class=\"feed-item-thumbnail\"><img decoding=\"async\" width=\"700\" height=\"440\" src=\"https:\/\/suri.templweb.com\/wp-content\/uploads\/2019\/08\/Veddesta_20190816_700.jpg\" class=\"attachment-post-thumbnail size-post-thumbnail wp-post-image\" alt=\"\" srcset=\"https:\/\/suri.templweb.com\/wp-content\/uploads\/2019\/08\/Veddesta_20190816_700.jpg 700w, https:\/\/suri.templweb.com\/wp-content\/uploads\/2019\/08\/Veddesta_20190816_700-300x189.jpg 300w\" sizes=\"(max-width: 700px) 100vw, 700px\" \/><\/div><div class=\"feed-item-type-and-date\"><span>News 2019-08-27<\/span><\/div><div class=\"feed-item-title\"><h3>Shifting up a gear in Barkarby this autumn<\/h3><\/div><\/a><\/li><li class=\"feed-item loadMoreRepeat\"><a href=\"https:\/\/suri.templweb.com\/en\/?post_type=post&p=5086\"><div class=\"feed-item-thumbnail\"><img decoding=\"async\" width=\"700\" height=\"440\" src=\"https:\/\/suri.templweb.com\/wp-content\/uploads\/2019\/06\/HR-MU194952.jpg\" class=\"attachment-post-thumbnail size-post-thumbnail wp-post-image\" alt=\"\" srcset=\"https:\/\/suri.templweb.com\/wp-content\/uploads\/2019\/06\/HR-MU194952.jpg 700w, https:\/\/suri.templweb.com\/wp-content\/uploads\/2019\/06\/HR-MU194952-300x189.jpg 300w\" sizes=\"(max-width: 700px) 100vw, 700px\" \/><\/div><div class=\"feed-item-type-and-date\"><span>News 2019-06-13<\/span><\/div><div class=\"feed-item-title\"><h3>\"We must be hard\"<\/h3><\/div><\/a><\/li><li class=\"feed-item loadMoreRepeat\"><a href=\"https:\/\/suri.templweb.com\/en\/?post_type=post&p=5079\"><div class=\"feed-item-thumbnail\"><img decoding=\"async\" width=\"700\" height=\"440\" src=\"https:\/\/suri.templweb.com\/wp-content\/uploads\/2019\/04\/Sofia_700_2.jpg\" class=\"attachment-post-thumbnail size-post-thumbnail wp-post-image\" alt=\"\" srcset=\"https:\/\/suri.templweb.com\/wp-content\/uploads\/2019\/04\/Sofia_700_2.jpg 700w, https:\/\/suri.templweb.com\/wp-content\/uploads\/2019\/04\/Sofia_700_2-300x189.jpg 300w\" sizes=\"(max-width: 700px) 100vw, 700px\" \/><\/div><div class=\"feed-item-type-and-date\"><span>News 2019-05-09<\/span><\/div><div class=\"feed-item-title\"><h3>\u201cThe opposite of a high-rise\u201d<\/h3><\/div><\/a><\/li><li class=\"feed-item loadMoreRepeat\"><a href=\"https:\/\/suri.templweb.com\/en\/?post_type=post&p=619\"><div class=\"feed-item-thumbnail\"><img decoding=\"async\" width=\"700\" height=\"440\" src=\"https:\/\/suri.templweb.com\/wp-content\/uploads\/2019\/03\/startskottet_knapptryck.jpg\" class=\"attachment-post-thumbnail size-post-thumbnail wp-post-image\" alt=\"\" srcset=\"https:\/\/suri.templweb.com\/wp-content\/uploads\/2019\/03\/startskottet_knapptryck.jpg 700w, https:\/\/suri.templweb.com\/wp-content\/uploads\/2019\/03\/startskottet_knapptryck-300x189.jpg 300w\" sizes=\"(max-width: 700px) 100vw, 700px\" \/><\/div><div class=\"feed-item-type-and-date\"><span>News 2019-03-18<\/span><\/div><div class=\"feed-item-title\"><h3>Loud start for the new Metro<\/h3><\/div><\/a><\/li><li class=\"feed-item loadMoreRepeat\"><a href=\"https:\/\/suri.templweb.com\/en\/?post_type=post&p=5070\"><div class=\"feed-item-thumbnail\"><img decoding=\"async\" width=\"700\" height=\"440\" src=\"https:\/\/suri.templweb.com\/wp-content\/uploads\/2019\/03\/Anna_Nylen_700_0.jpg\" class=\"attachment-post-thumbnail size-post-thumbnail wp-post-image\" alt=\"\" srcset=\"https:\/\/suri.templweb.com\/wp-content\/uploads\/2019\/03\/Anna_Nylen_700_0.jpg 700w, https:\/\/suri.templweb.com\/wp-content\/uploads\/2019\/03\/Anna_Nylen_700_0-300x189.jpg 300w\" sizes=\"(max-width: 700px) 100vw, 700px\" \/><\/div><div class=\"feed-item-type-and-date\"><span>News 2019-02-05<\/span><\/div><div class=\"feed-item-title\"><h3>Time for the first work tunnels<\/h3><\/div><\/a><\/li><li class=\"feed-item loadMoreRepeat\"><a href=\"https:\/\/suri.templweb.com\/en\/?post_type=post&p=5061\"><div class=\"feed-item-thumbnail\"><img decoding=\"async\" width=\"700\" height=\"440\" src=\"https:\/\/suri.templweb.com\/wp-content\/uploads\/2018\/11\/levdagen_3_700_1.jpg\" class=\"attachment-post-thumbnail size-post-thumbnail wp-post-image\" alt=\"\" srcset=\"https:\/\/suri.templweb.com\/wp-content\/uploads\/2018\/11\/levdagen_3_700_1.jpg 700w, https:\/\/suri.templweb.com\/wp-content\/uploads\/2018\/11\/levdagen_3_700_1-300x189.jpg 300w\" sizes=\"(max-width: 700px) 100vw, 700px\" \/><\/div><div class=\"feed-item-type-and-date\"><span>News 2018-11-20<\/span><\/div><div class=\"feed-item-title\"><h3>Great interest when the world came to Stockholm<\/h3><\/div><\/a><\/li><li class=\"feed-item loadMoreRepeat\"><a href=\"https:\/\/suri.templweb.com\/en\/?post_type=post&p=5054\"><div class=\"feed-item-thumbnail\"><img decoding=\"async\" width=\"700\" height=\"440\" src=\"https:\/\/suri.templweb.com\/wp-content\/uploads\/2018\/10\/PC_AC.jpg\" class=\"attachment-post-thumbnail size-post-thumbnail wp-post-image\" alt=\"\" srcset=\"https:\/\/suri.templweb.com\/wp-content\/uploads\/2018\/10\/PC_AC.jpg 700w, https:\/\/suri.templweb.com\/wp-content\/uploads\/2018\/10\/PC_AC-300x189.jpg 300w\" sizes=\"(max-width: 700px) 100vw, 700px\" \/><\/div><div class=\"feed-item-type-and-date\"><span>News 2018-11-17<\/span><\/div><div class=\"feed-item-title\"><h3>Important milestone for Blue Line to Nacka, S\u00f6dermalm and S\u00f6derort<\/h3><\/div><\/a><\/li><li class=\"feed-item loadMoreRepeat\"><a href=\"https:\/\/suri.templweb.com\/en\/?post_type=post&p=5059\"><div class=\"feed-item-thumbnail\"><img decoding=\"async\" width=\"700\" height=\"440\" src=\"https:\/\/suri.templweb.com\/wp-content\/uploads\/2018\/11\/Anna_Nylen_700.jpg\" class=\"attachment-post-thumbnail size-post-thumbnail wp-post-image\" alt=\"\" srcset=\"https:\/\/suri.templweb.com\/wp-content\/uploads\/2018\/11\/Anna_Nylen_700.jpg 700w, https:\/\/suri.templweb.com\/wp-content\/uploads\/2018\/11\/Anna_Nylen_700-300x189.jpg 300w\" sizes=\"(max-width: 700px) 100vw, 700px\" \/><\/div><div class=\"feed-item-type-and-date\"><span>News 2018-11-16<\/span><\/div><div class=\"feed-item-title\"><h3>First railway plan decided<\/h3><\/div><\/a><\/li><li class=\"feed-item loadMoreRepeat\"><a href=\"https:\/\/suri.templweb.com\/en\/?post_type=post&p=5050\"><div class=\"feed-item-thumbnail\"><img decoding=\"async\" width=\"700\" height=\"440\" src=\"https:\/\/suri.templweb.com\/wp-content\/uploads\/2018\/10\/barkarby_annanylen_700.png\" class=\"attachment-post-thumbnail size-post-thumbnail wp-post-image\" alt=\"\" srcset=\"https:\/\/suri.templweb.com\/wp-content\/uploads\/2018\/10\/barkarby_annanylen_700.png 700w, https:\/\/suri.templweb.com\/wp-content\/uploads\/2018\/10\/barkarby_annanylen_700-300x189.png 300w\" sizes=\"(max-width: 700px) 100vw, 700px\" \/><\/div><div class=\"feed-item-type-and-date\"><span>News 2018-10-22<\/span><\/div><div class=\"feed-item-title\"><h3>We're ready! Do you want to join us?<\/h3><\/div><\/a><\/li><li class=\"feed-item loadMoreRepeat\"><a href=\"https:\/\/suri.templweb.com\/en\/?post_type=post&p=5047\"><div class=\"feed-item-thumbnail\"><img decoding=\"async\" width=\"700\" height=\"440\" src=\"https:\/\/suri.templweb.com\/wp-content\/uploads\/2019\/03\/Karta-Depa-utan-legend.png\" class=\"attachment-post-thumbnail size-post-thumbnail wp-post-image\" alt=\"\" srcset=\"https:\/\/suri.templweb.com\/wp-content\/uploads\/2019\/03\/Karta-Depa-utan-legend.png 700w, https:\/\/suri.templweb.com\/wp-content\/uploads\/2019\/03\/Karta-Depa-utan-legend-300x189.png 300w\" sizes=\"(max-width: 700px) 100vw, 700px\" \/><\/div><div class=\"feed-item-type-and-date\"><span>News 2018-10-03<\/span><\/div><div class=\"feed-item-title\"><h3>New thinking behind improved Metro operations<\/h3><\/div><\/a><\/li><li class=\"feed-item loadMoreRepeat\"><a href=\"https:\/\/suri.templweb.com\/en\/?post_type=post&p=5043\"><div class=\"feed-item-thumbnail\"><img decoding=\"async\" width=\"700\" height=\"440\" src=\"https:\/\/suri.templweb.com\/wp-content\/uploads\/2018\/06\/stockholm_700x440.jpg\" class=\"attachment-post-thumbnail size-post-thumbnail wp-post-image\" alt=\"\" srcset=\"https:\/\/suri.templweb.com\/wp-content\/uploads\/2018\/06\/stockholm_700x440.jpg 700w, https:\/\/suri.templweb.com\/wp-content\/uploads\/2018\/06\/stockholm_700x440-300x189.jpg 300w\" sizes=\"(max-width: 700px) 100vw, 700px\" \/><\/div><div class=\"feed-item-type-and-date\"><span>News 2018-09-18<\/span><\/div><div class=\"feed-item-title\"><h3>Registration now open for this year's Supplier Day<\/h3><\/div><\/a><\/li><li class=\"feed-item loadMoreRepeat\"><a href=\"https:\/\/suri.templweb.com\/en\/?post_type=post&p=5039\"><div class=\"feed-item-thumbnail\"><img decoding=\"async\" width=\"700\" height=\"394\" src=\"https:\/\/suri.templweb.com\/wp-content\/uploads\/2018\/08\/Snackan-Asa-Jungnelius_700_0_0.png\" class=\"attachment-post-thumbnail size-post-thumbnail wp-post-image\" alt=\"\" srcset=\"https:\/\/suri.templweb.com\/wp-content\/uploads\/2018\/08\/Snackan-Asa-Jungnelius_700_0_0.png 700w, https:\/\/suri.templweb.com\/wp-content\/uploads\/2018\/08\/Snackan-Asa-Jungnelius_700_0_0-300x169.png 300w\" sizes=\"(max-width: 700px) 100vw, 700px\" \/><\/div><div class=\"feed-item-type-and-date\"><span>News 2018-08-30<\/span><\/div><div class=\"feed-item-title\"><h3>International Award for Architecture given to the Yellow Line<\/h3><\/div><\/a><\/li><li class=\"feed-item loadMoreRepeat\"><a href=\"https:\/\/suri.templweb.com\/en\/?post_type=post&p=459\"><div class=\"feed-item-thumbnail\"><img decoding=\"async\" width=\"700\" height=\"440\" src=\"https:\/\/suri.templweb.com\/wp-content\/uploads\/2018\/05\/barkarby_arbetstunnlar.png\" class=\"attachment-post-thumbnail size-post-thumbnail wp-post-image\" alt=\"\" srcset=\"https:\/\/suri.templweb.com\/wp-content\/uploads\/2018\/05\/barkarby_arbetstunnlar.png 700w, https:\/\/suri.templweb.com\/wp-content\/uploads\/2018\/05\/barkarby_arbetstunnlar-300x189.png 300w\" sizes=\"(max-width: 700px) 100vw, 700px\" \/><\/div><div class=\"feed-item-type-and-date\"><span>News 2018-06-01<\/span><\/div><div class=\"feed-item-title\"><h3>Major procurements for construction of tunnels<\/h3><\/div><\/a><\/li><li class=\"feed-item loadMoreRepeat\"><a href=\"https:\/\/suri.templweb.com\/en\/?post_type=post&p=5029\"><div class=\"feed-item-thumbnail\"><img decoding=\"async\" width=\"700\" height=\"440\" src=\"https:\/\/suri.templweb.com\/wp-content\/uploads\/2018\/05\/malin_harders_700x440.jpg\" class=\"attachment-post-thumbnail size-post-thumbnail wp-post-image\" alt=\"\" srcset=\"https:\/\/suri.templweb.com\/wp-content\/uploads\/2018\/05\/malin_harders_700x440.jpg 700w, https:\/\/suri.templweb.com\/wp-content\/uploads\/2018\/05\/malin_harders_700x440-300x189.jpg 300w\" sizes=\"(max-width: 700px) 100vw, 700px\" \/><\/div><div class=\"feed-item-type-and-date\"><span>News 2018-05-28<\/span><\/div><div class=\"feed-item-title\"><h3>Green light from court for Yellow line<\/h3><\/div><\/a><\/li><li class=\"feed-item loadMoreRepeat\"><a href=\"https:\/\/suri.templweb.com\/en\/?post_type=post&p=5027\"><div class=\"feed-item-thumbnail\"><img decoding=\"async\" width=\"700\" height=\"440\" src=\"https:\/\/suri.templweb.com\/wp-content\/uploads\/2018\/05\/linkedin_700x440.png\" class=\"attachment-post-thumbnail size-post-thumbnail wp-post-image\" alt=\"\" srcset=\"https:\/\/suri.templweb.com\/wp-content\/uploads\/2018\/05\/linkedin_700x440.png 700w, https:\/\/suri.templweb.com\/wp-content\/uploads\/2018\/05\/linkedin_700x440-300x189.png 300w\" sizes=\"(max-width: 700px) 100vw, 700px\" \/><\/div><div class=\"feed-item-type-and-date\"><span>News 2018-05-24<\/span><\/div><div class=\"feed-item-title\"><h3>Follow the New Metro Administration on Linkedin<\/h3><\/div><\/a><\/li><li class=\"feed-item loadMoreRepeat\"><a href=\"https:\/\/suri.templweb.com\/en\/?post_type=post&p=5010\"><div class=\"feed-item-thumbnail\"><img decoding=\"async\" width=\"700\" height=\"440\" src=\"https:\/\/suri.templweb.com\/wp-content\/uploads\/2018\/02\/pia_700x440_0.jpg\" class=\"attachment-post-thumbnail size-post-thumbnail wp-post-image\" alt=\"\" srcset=\"https:\/\/suri.templweb.com\/wp-content\/uploads\/2018\/02\/pia_700x440_0.jpg 700w, https:\/\/suri.templweb.com\/wp-content\/uploads\/2018\/02\/pia_700x440_0-300x189.jpg 300w\" sizes=\"(max-width: 700px) 100vw, 700px\" \/><\/div><div class=\"feed-item-type-and-date\"><span>News 2018-02-26<\/span><\/div><div class=\"feed-item-title\"><h3>Soon time for the first procurement<\/h3><\/div><\/a><\/li><li class=\"feed-item loadMoreRepeat\"><a href=\"https:\/\/suri.templweb.com\/en\/?post_type=post&p=5007\"><div class=\"feed-item-thumbnail\"><img decoding=\"async\" width=\"700\" height=\"440\" src=\"https:\/\/suri.templweb.com\/wp-content\/uploads\/2017\/12\/miljo_tag_700x440-01.png\" class=\"attachment-post-thumbnail size-post-thumbnail wp-post-image\" alt=\"\" srcset=\"https:\/\/suri.templweb.com\/wp-content\/uploads\/2017\/12\/miljo_tag_700x440-01.png 700w, https:\/\/suri.templweb.com\/wp-content\/uploads\/2017\/12\/miljo_tag_700x440-01-300x189.png 300w\" sizes=\"(max-width: 700px) 100vw, 700px\" \/><\/div><div class=\"feed-item-type-and-date\"><span>News 2018-02-19<\/span><\/div><div class=\"feed-item-title\"><h3>On the road to zero emissions<\/h3><\/div><\/a><\/li><li class=\"feed-item loadMoreRepeat\"><a href=\"https:\/\/suri.templweb.com\/en\/?post_type=post&p=4994\"><div class=\"feed-item-thumbnail\"><img decoding=\"async\" width=\"700\" height=\"440\" src=\"https:\/\/suri.templweb.com\/wp-content\/uploads\/2017\/11\/20171114_Steve_700x440.jpg\" class=\"attachment-post-thumbnail size-post-thumbnail wp-post-image\" alt=\"\" srcset=\"https:\/\/suri.templweb.com\/wp-content\/uploads\/2017\/11\/20171114_Steve_700x440.jpg 700w, https:\/\/suri.templweb.com\/wp-content\/uploads\/2017\/11\/20171114_Steve_700x440-300x189.jpg 300w\" sizes=\"(max-width: 700px) 100vw, 700px\" \/><\/div><div class=\"feed-item-type-and-date\"><span>News 2017-11-28<\/span><\/div><div class=\"feed-item-title\"><h3>Egg shells, solar cells and availability \u2013 that is how the new metro will be sustainable<\/h3><\/div><\/a><\/li><li class=\"feed-item loadMoreRepeat\"><a href=\"https:\/\/suri.templweb.com\/en\/?post_type=post&p=358\"><div class=\"feed-item-thumbnail\"><img decoding=\"async\" width=\"700\" height=\"440\" src=\"https:\/\/suri.templweb.com\/wp-content\/uploads\/2017\/10\/folk_low.jpg\" class=\"attachment-post-thumbnail size-post-thumbnail wp-post-image\" alt=\"\" srcset=\"https:\/\/suri.templweb.com\/wp-content\/uploads\/2017\/10\/folk_low.jpg 700w, https:\/\/suri.templweb.com\/wp-content\/uploads\/2017\/10\/folk_low-300x189.jpg 300w\" sizes=\"(max-width: 700px) 100vw, 700px\" \/><\/div><div class=\"feed-item-type-and-date\"><span>News 2017-11-06<\/span><\/div><div class=\"feed-item-title\"><h3>Many curious about future business opportunities<\/h3><\/div><\/a><\/li><li class=\"feed-item loadMoreRepeat\"><a href=\"https:\/\/suri.templweb.com\/en\/?post_type=post&p=322\"><div class=\"feed-item-thumbnail\"><img decoding=\"async\" width=\"700\" height=\"440\" src=\"https:\/\/suri.templweb.com\/wp-content\/uploads\/2017\/08\/Beslutsklubba-700.png\" class=\"attachment-post-thumbnail size-post-thumbnail wp-post-image\" alt=\"\" srcset=\"https:\/\/suri.templweb.com\/wp-content\/uploads\/2017\/08\/Beslutsklubba-700.png 700w, https:\/\/suri.templweb.com\/wp-content\/uploads\/2017\/08\/Beslutsklubba-700-300x189.png 300w\" sizes=\"(max-width: 700px) 100vw, 700px\" \/><\/div><div class=\"feed-item-type-and-date\"><span>News 2017-08-29<\/span><\/div><div class=\"feed-item-title\"><h3>Environmental permit for the Metro\u2019s Yellow Line to be reviewed this spring<\/h3><\/div><\/a><\/li><li class=\"feed-item loadMoreRepeat\"><a href=\"https:\/\/suri.templweb.com\/en\/?post_type=post&p=313\"><div class=\"feed-item-thumbnail\"><img decoding=\"async\" width=\"700\" height=\"441\" src=\"https:\/\/suri.templweb.com\/wp-content\/uploads\/2017\/08\/Tunnelbanespar-700.png\" class=\"attachment-post-thumbnail size-post-thumbnail wp-post-image\" alt=\"\" srcset=\"https:\/\/suri.templweb.com\/wp-content\/uploads\/2017\/08\/Tunnelbanespar-700.png 700w, https:\/\/suri.templweb.com\/wp-content\/uploads\/2017\/08\/Tunnelbanespar-700-300x189.png 300w\" sizes=\"(max-width: 700px) 100vw, 700px\" \/><\/div><div class=\"feed-item-type-and-date\"><span>News 2017-08-07<\/span><\/div><div class=\"feed-item-title\"><h3>What is a railway plan?<\/h3><\/div><\/a><\/li><li class=\"feed-item loadMoreRepeat\"><a href=\"https:\/\/suri.templweb.com\/en\/?post_type=post&p=311\"><div class=\"feed-item-thumbnail\"><img decoding=\"async\" width=\"700\" height=\"440\" src=\"https:\/\/suri.templweb.com\/wp-content\/uploads\/2017\/06\/Plattform-Hagastaden-700.png\" class=\"attachment-post-thumbnail size-post-thumbnail wp-post-image\" alt=\"\" srcset=\"https:\/\/suri.templweb.com\/wp-content\/uploads\/2017\/06\/Plattform-Hagastaden-700.png 700w, https:\/\/suri.templweb.com\/wp-content\/uploads\/2017\/06\/Plattform-Hagastaden-700-300x189.png 300w\" sizes=\"(max-width: 700px) 100vw, 700px\" \/><\/div><div class=\"feed-item-type-and-date\"><span>News 2017-07-31<\/span><\/div><div class=\"feed-item-title\"><h3>The Passenger in focus<\/h3><\/div><\/a><\/li><li class=\"feed-item loadMoreRepeat\"><a href=\"https:\/\/suri.templweb.com\/en\/?post_type=post&p=281\"><div class=\"feed-item-thumbnail\"><img decoding=\"async\" width=\"700\" height=\"440\" src=\"https:\/\/suri.templweb.com\/wp-content\/uploads\/2017\/03\/kalle-webbnyhet2.jpg\" class=\"attachment-post-thumbnail size-post-thumbnail wp-post-image\" alt=\"\" srcset=\"https:\/\/suri.templweb.com\/wp-content\/uploads\/2017\/03\/kalle-webbnyhet2.jpg 700w, https:\/\/suri.templweb.com\/wp-content\/uploads\/2017\/03\/kalle-webbnyhet2-300x189.jpg 300w\" sizes=\"(max-width: 700px) 100vw, 700px\" \/><\/div><div class=\"feed-item-type-and-date\"><span>News 2017-05-04<\/span><\/div><div class=\"feed-item-title\"><h3>Documents ready - Nacka and southbound are now applying for an environmental permit<\/h3><\/div><\/a><\/li><li class=\"feed-item loadMoreRepeat\"><a href=\"https:\/\/suri.templweb.com\/en\/?post_type=post&p=280\"><div class=\"feed-item-thumbnail\"><img decoding=\"async\" width=\"700\" height=\"440\" src=\"https:\/\/suri.templweb.com\/wp-content\/uploads\/2017\/05\/Tunnelbaneperrong-700.png\" class=\"attachment-post-thumbnail size-post-thumbnail wp-post-image\" alt=\"\" srcset=\"https:\/\/suri.templweb.com\/wp-content\/uploads\/2017\/05\/Tunnelbaneperrong-700.png 700w, https:\/\/suri.templweb.com\/wp-content\/uploads\/2017\/05\/Tunnelbaneperrong-700-300x189.png 300w\" sizes=\"(max-width: 700px) 100vw, 700px\" \/><\/div><div class=\"feed-item-type-and-date\"><span>News 2017-05-02<\/span><\/div><div class=\"feed-item-title\"><h3>New Metro between Fridhemsplan and \u00c4lvsj\u00f6<\/h3><\/div><\/a><\/li><li class=\"feed-item loadMoreRepeat\"><a href=\"https:\/\/suri.templweb.com\/en\/?post_type=post&p=267\"><div class=\"feed-item-thumbnail\"><img decoding=\"async\" width=\"700\" height=\"467\" src=\"https:\/\/suri.templweb.com\/wp-content\/uploads\/2017\/03\/Solna_ink-Hagalund_0_0.png\" class=\"attachment-post-thumbnail size-post-thumbnail wp-post-image\" alt=\"\" srcset=\"https:\/\/suri.templweb.com\/wp-content\/uploads\/2017\/03\/Solna_ink-Hagalund_0_0.png 700w, https:\/\/suri.templweb.com\/wp-content\/uploads\/2017\/03\/Solna_ink-Hagalund_0_0-300x200.png 300w\" sizes=\"(max-width: 700px) 100vw, 700px\" \/><\/div><div class=\"feed-item-type-and-date\"><span>News 2017-03-23<\/span><\/div><div class=\"feed-item-title\"><h3>New station in Hagalund<\/h3><\/div><\/a><\/li><li class=\"feed-item loadMoreRepeat\"><a href=\"https:\/\/suri.templweb.com\/en\/?post_type=post&p=252\"><div class=\"feed-item-thumbnail\"><img decoding=\"async\" width=\"700\" height=\"440\" src=\"https:\/\/suri.templweb.com\/wp-content\/uploads\/2017\/03\/Byggtiden-700_0.jpg\" class=\"attachment-post-thumbnail size-post-thumbnail wp-post-image\" alt=\"\" srcset=\"https:\/\/suri.templweb.com\/wp-content\/uploads\/2017\/03\/Byggtiden-700_0.jpg 700w, https:\/\/suri.templweb.com\/wp-content\/uploads\/2017\/03\/Byggtiden-700_0-300x189.jpg 300w\" sizes=\"(max-width: 700px) 100vw, 700px\" \/><\/div><div class=\"feed-item-type-and-date\"><span>News 2017-03-01<\/span><\/div><div class=\"feed-item-title\"><h3>From planning to opening \u2013 how we\u2019re building the Metro<\/h3><\/div><\/a><\/li><li class=\"feed-item loadMoreRepeat\"><a href=\"https:\/\/suri.templweb.com\/en\/?post_type=post&p=250\"><div class=\"feed-item-thumbnail\"><img decoding=\"async\" width=\"700\" height=\"440\" src=\"https:\/\/suri.templweb.com\/wp-content\/uploads\/2017\/03\/Djup_Sockenplan_feb2017-002.jpg\" class=\"attachment-post-thumbnail size-post-thumbnail wp-post-image\" alt=\"\" srcset=\"https:\/\/suri.templweb.com\/wp-content\/uploads\/2017\/03\/Djup_Sockenplan_feb2017-002.jpg 700w, https:\/\/suri.templweb.com\/wp-content\/uploads\/2017\/03\/Djup_Sockenplan_feb2017-002-300x189.jpg 300w\" sizes=\"(max-width: 700px) 100vw, 700px\" \/><\/div><div class=\"feed-item-type-and-date\"><span>News 2017-02-21<\/span><\/div><div class=\"feed-item-title\"><h3>One of the world\u2019s deepest Metros<\/h3><\/div><\/a><\/li><li class=\"feed-item loadMoreRepeat\"><a href=\"https:\/\/suri.templweb.com\/en\/?post_type=post&p=248\"><div class=\"feed-item-thumbnail\"><img decoding=\"async\" width=\"700\" height=\"400\" src=\"https:\/\/suri.templweb.com\/wp-content\/uploads\/2017\/03\/Byggfilmsbild-700_1_0.jpg\" class=\"attachment-post-thumbnail size-post-thumbnail wp-post-image\" alt=\"\" srcset=\"https:\/\/suri.templweb.com\/wp-content\/uploads\/2017\/03\/Byggfilmsbild-700_1_0.jpg 700w, https:\/\/suri.templweb.com\/wp-content\/uploads\/2017\/03\/Byggfilmsbild-700_1_0-300x171.jpg 300w\" sizes=\"(max-width: 700px) 100vw, 700px\" \/><\/div><div class=\"feed-item-type-and-date\"><span>News 2017-02-15<\/span><\/div><div class=\"feed-item-title\"><h3>We will begin to move pipes and conduits during this year<\/h3><\/div><\/a><\/li><li class=\"feed-item loadMoreRepeat\"><a href=\"https:\/\/suri.templweb.com\/en\/?post_type=post&p=254\"><div class=\"feed-item-thumbnail\"><img decoding=\"async\" width=\"700\" height=\"440\" src=\"https:\/\/suri.templweb.com\/wp-content\/uploads\/2017\/03\/Tvarsnitt_depa_3-002-700.jpg\" class=\"attachment-post-thumbnail size-post-thumbnail wp-post-image\" alt=\"\" srcset=\"https:\/\/suri.templweb.com\/wp-content\/uploads\/2017\/03\/Tvarsnitt_depa_3-002-700.jpg 700w, https:\/\/suri.templweb.com\/wp-content\/uploads\/2017\/03\/Tvarsnitt_depa_3-002-700-300x189.jpg 300w\" sizes=\"(max-width: 700px) 100vw, 700px\" \/><\/div><div class=\"feed-item-type-and-date\"><span>News 2017-02-01<\/span><\/div><div class=\"feed-item-title\"><h3>The track tunnel for the depot will be constructed below ground<\/h3><\/div><\/a><\/li><li class=\"feed-item loadMoreRepeat\"><a href=\"https:\/\/suri.templweb.com\/en\/?post_type=post&p=4980\"><div class=\"feed-item-thumbnail\"><img decoding=\"async\" width=\"700\" height=\"467\" src=\"https:\/\/suri.templweb.com\/wp-content\/uploads\/2016\/11\/Sofia_700_1_0.jpg\" class=\"attachment-post-thumbnail size-post-thumbnail wp-post-image\" alt=\"\" srcset=\"https:\/\/suri.templweb.com\/wp-content\/uploads\/2016\/11\/Sofia_700_1_0.jpg 700w, https:\/\/suri.templweb.com\/wp-content\/uploads\/2016\/11\/Sofia_700_1_0-300x200.jpg 300w\" sizes=\"(max-width: 700px) 100vw, 700px\" \/><\/div><div class=\"feed-item-type-and-date\"><span>News 2016-11-28<\/span><\/div><div class=\"feed-item-title\"><h3>Sofia station \u2013 one of a kind<\/h3><\/div><\/a><\/li><li class=\"feed-item loadMoreRepeat\"><a href=\"https:\/\/suri.templweb.com\/en\/?post_type=post&p=187\"><div class=\"feed-item-thumbnail\"><img decoding=\"async\" width=\"700\" height=\"467\" src=\"https:\/\/suri.templweb.com\/wp-content\/uploads\/2016\/11\/BeInspiredaward_1.jpg\" class=\"attachment-post-thumbnail size-post-thumbnail wp-post-image\" alt=\"\" srcset=\"https:\/\/suri.templweb.com\/wp-content\/uploads\/2016\/11\/BeInspiredaward_1.jpg 700w, https:\/\/suri.templweb.com\/wp-content\/uploads\/2016\/11\/BeInspiredaward_1-300x200.jpg 300w\" sizes=\"(max-width: 700px) 100vw, 700px\" \/><\/div><div class=\"feed-item-type-and-date\"><span>News 2016-11-07<\/span><\/div><div class=\"feed-item-title\"><h3>Andrapris i den stora infrastrukturt\u00e4vlingen Be Inspired Awards<\/h3><\/div><\/a><\/li><li class=\"feed-item loadMoreRepeat\"><a href=\"https:\/\/suri.templweb.com\/en\/?post_type=post&p=177\"><div class=\"feed-item-thumbnail\"><img decoding=\"async\" width=\"700\" height=\"467\" src=\"https:\/\/suri.templweb.com\/wp-content\/uploads\/2016\/10\/BeInspiredaward.jpg\" class=\"attachment-post-thumbnail size-post-thumbnail wp-post-image\" alt=\"\" srcset=\"https:\/\/suri.templweb.com\/wp-content\/uploads\/2016\/10\/BeInspiredaward.jpg 700w, https:\/\/suri.templweb.com\/wp-content\/uploads\/2016\/10\/BeInspiredaward-300x200.jpg 300w\" sizes=\"(max-width: 700px) 100vw, 700px\" \/><\/div><div class=\"feed-item-type-and-date\"><span>News 2016-10-21<\/span><\/div><div class=\"feed-item-title\"><h3>Tunnelbanan till Nacka nominerad till internationellt pris<\/h3><\/div><\/a><\/li><li class=\"feed-item loadMoreRepeat\"><a href=\"https:\/\/suri.templweb.com\/en\/?post_type=post&p=165\"><div class=\"feed-item-thumbnail\"><img decoding=\"async\" width=\"701\" height=\"471\" src=\"https:\/\/suri.templweb.com\/wp-content\/uploads\/2016\/09\/Konst-i-nya-tunnelbanan-700.jpg\" class=\"attachment-post-thumbnail size-post-thumbnail wp-post-image\" alt=\"\" srcset=\"https:\/\/suri.templweb.com\/wp-content\/uploads\/2016\/09\/Konst-i-nya-tunnelbanan-700.jpg 701w, https:\/\/suri.templweb.com\/wp-content\/uploads\/2016\/09\/Konst-i-nya-tunnelbanan-700-300x202.jpg 300w\" sizes=\"(max-width: 701px) 100vw, 701px\" \/><\/div><div class=\"feed-item-type-and-date\"><span>News 2016-09-30<\/span><\/div><div class=\"feed-item-title\"><h3>Start on artwork in the new metro<\/h3><\/div><\/a><\/li><li class=\"feed-item loadMoreRepeat\"><a href=\"https:\/\/suri.templweb.com\/en\/?post_type=post&p=144\"><div class=\"feed-item-thumbnail\"><img decoding=\"async\" width=\"700\" height=\"440\" src=\"https:\/\/suri.templweb.com\/wp-content\/uploads\/2016\/06\/Erik-Kaisa-700_0.jpg\" class=\"attachment-post-thumbnail size-post-thumbnail wp-post-image\" alt=\"\" srcset=\"https:\/\/suri.templweb.com\/wp-content\/uploads\/2016\/06\/Erik-Kaisa-700_0.jpg 700w, https:\/\/suri.templweb.com\/wp-content\/uploads\/2016\/06\/Erik-Kaisa-700_0-300x189.jpg 300w\" sizes=\"(max-width: 700px) 100vw, 700px\" \/><\/div><div class=\"feed-item-type-and-date\"><span>News 2016-06-13<\/span><\/div><div class=\"feed-item-title\"><h3>Sustainability is a natural aspect of constructing the new metro<\/h3><\/div><\/a><\/li><li class=\"feed-item loadMoreRepeat\"><a href=\"https:\/\/suri.templweb.com\/en\/?post_type=post&p=107\"><div class=\"feed-item-thumbnail\"><img decoding=\"async\" width=\"650\" height=\"300\" src=\"https:\/\/suri.templweb.com\/wp-content\/uploads\/2016\/04\/Upphandlingsbrev650.png\" class=\"attachment-post-thumbnail size-post-thumbnail wp-post-image\" alt=\"\" srcset=\"https:\/\/suri.templweb.com\/wp-content\/uploads\/2016\/04\/Upphandlingsbrev650.png 650w, https:\/\/suri.templweb.com\/wp-content\/uploads\/2016\/04\/Upphandlingsbrev650-300x138.png 300w\" sizes=\"(max-width: 650px) 100vw, 650px\" \/><\/div><div class=\"feed-item-type-and-date\"><span>News 2016-04-11<\/span><\/div><div class=\"feed-item-title\"><h3>Newsletter for contractors<\/h3><\/div><\/a><\/li><li class=\"feed-item loadMoreRepeat\"><a href=\"https:\/\/suri.templweb.com\/en\/?post_type=post&p=95\"><div class=\"feed-item-thumbnail\"><img decoding=\"async\" width=\"700\" height=\"500\" src=\"https:\/\/suri.templweb.com\/wp-content\/uploads\/2016\/03\/tunnelbana2_foto_solveig_edlund_0.jpg\" class=\"attachment-post-thumbnail size-post-thumbnail wp-post-image\" alt=\"\" srcset=\"https:\/\/suri.templweb.com\/wp-content\/uploads\/2016\/03\/tunnelbana2_foto_solveig_edlund_0.jpg 700w, https:\/\/suri.templweb.com\/wp-content\/uploads\/2016\/03\/tunnelbana2_foto_solveig_edlund_0-300x214.jpg 300w\" sizes=\"(max-width: 700px) 100vw, 700px\" \/><\/div><div class=\"feed-item-type-and-date\"><span>News 2016-03-22<\/span><\/div><div class=\"feed-item-title\"><h3>Be part of the expansion of Stockholm\u2019s metro!<\/h3><\/div><\/a><\/li><li class=\"feed-item loadMoreRepeat\"><a href=\"https:\/\/suri.templweb.com\/en\/?post_type=post&p=4962\"><div class=\"feed-item-thumbnail\"><img decoding=\"async\" width=\"692\" height=\"543\" src=\"https:\/\/suri.templweb.com\/wp-content\/uploads\/2016\/03\/MILJCE1.PNG\" class=\"attachment-post-thumbnail size-post-thumbnail wp-post-image\" alt=\"\" srcset=\"https:\/\/suri.templweb.com\/wp-content\/uploads\/2016\/03\/MILJCE1.PNG 692w, https:\/\/suri.templweb.com\/wp-content\/uploads\/2016\/03\/MILJCE1-300x235.png 300w\" sizes=\"(max-width: 692px) 100vw, 692px\" \/><\/div><div class=\"feed-item-type-and-date\"><span>News 2016-03-11<\/span><\/div><div class=\"feed-item-title\"><h3>The new Metro is environmentally certified<\/h3><\/div><\/a><\/li><li class=\"feed-item loadMoreRepeat\"><a href=\"https:\/\/suri.templweb.com\/en\/?post_type=post&p=4961\"><div class=\"feed-item-thumbnail\"><img decoding=\"async\" width=\"700\" height=\"467\" src=\"https:\/\/suri.templweb.com\/wp-content\/uploads\/2016\/03\/Emma_lokaliseringsutredning-700_0.jpg\" class=\"attachment-post-thumbnail size-post-thumbnail wp-post-image\" alt=\"\" srcset=\"https:\/\/suri.templweb.com\/wp-content\/uploads\/2016\/03\/Emma_lokaliseringsutredning-700_0.jpg 700w, https:\/\/suri.templweb.com\/wp-content\/uploads\/2016\/03\/Emma_lokaliseringsutredning-700_0-300x200.jpg 300w\" sizes=\"(max-width: 700px) 100vw, 700px\" \/><\/div><div class=\"feed-item-type-and-date\"><span>News 2016-03-11<\/span><\/div><div class=\"feed-item-title\"><h3>New depot to be at H\u00f6gdalen<\/h3><\/div><\/a><\/li><li class=\"feed-item loadMoreRepeat\"><a href=\"https:\/\/suri.templweb.com\/en\/?post_type=post&p=4960\"><div class=\"feed-item-thumbnail\"><img decoding=\"async\" width=\"700\" height=\"300\" src=\"https:\/\/suri.templweb.com\/wp-content\/uploads\/2016\/03\/Snackan-Asa-Jungnelius_700-200.png\" class=\"attachment-post-thumbnail size-post-thumbnail wp-post-image\" alt=\"\" srcset=\"https:\/\/suri.templweb.com\/wp-content\/uploads\/2016\/03\/Snackan-Asa-Jungnelius_700-200.png 700w, https:\/\/suri.templweb.com\/wp-content\/uploads\/2016\/03\/Snackan-Asa-Jungnelius_700-200-300x129.png 300w\" sizes=\"(max-width: 700px) 100vw, 700px\" \/><\/div><div class=\"feed-item-type-and-date\"><span>News 2016-03-11<\/span><\/div><div class=\"feed-item-title\"><h3>Which artist is to decorate which station has now been revealed<\/h3><\/div><\/a><\/li><li class=\"feed-item loadMoreRepeat\"><a href=\"https:\/\/suri.templweb.com\/en\/?post_type=post&p=4958\"><div class=\"feed-item-thumbnail\"><img decoding=\"async\" width=\"700\" height=\"400\" src=\"https:\/\/suri.templweb.com\/wp-content\/uploads\/2016\/03\/hand_fyller_i_blankett_0.JPG\" class=\"attachment-post-thumbnail size-post-thumbnail wp-post-image\" alt=\"\" srcset=\"https:\/\/suri.templweb.com\/wp-content\/uploads\/2016\/03\/hand_fyller_i_blankett_0.JPG 700w, https:\/\/suri.templweb.com\/wp-content\/uploads\/2016\/03\/hand_fyller_i_blankett_0-300x171.jpg 300w\" sizes=\"(max-width: 700px) 100vw, 700px\" \/><\/div><div class=\"feed-item-type-and-date\"><span>News 2016-03-11<\/span><\/div><div class=\"feed-item-title\"><h3>All the views expressed at the autumn consultation are now compiled<\/h3><\/div><\/a><\/li><div class=\"btnLoadmoreWrapper\"><a href=\"javascript:void(0);\" class=\"btn btn-primary sllLoadMorePostsbtn\" aria-label=\"ladda fler nyheter\">Load More<\/a><\/div><div class=\"sllLoaderImg\" style=\"display: none;\"><svg version=\"1.1\" id=\"L9\" xmlns=\"http:\/\/www.w3.org\/2000\/svg\" xmlns:xlink=\"http:\/\/www.w3.org\/1999\/xlink\" x=\"0px\" y=\"0px\" viewBox=\"0 0 100 100\" enable-background=\"new 0 0 0 0\" xml:space=\"preserve\" style=\"color: #ff7361;\"><path fill=\"#ff7361\" d=\"M73,50c0-12.7-10.3-23-23-23S27,37.3,27,50 M30.9,50c0-10.5,8.5-19.1,19.1-19.1S69.1,39.5,69.1,50\"><animateTransform attributeName=\"transform\" attributeType=\"XML\" type=\"rotate\" dur=\"1s\" from=\"0 50 50\" to=\"360 50 50\" repeatCount=\"indefinite\"><\/animateTransform><\/path><\/svg><\/div><p class=\"noMorePostsFound\" style=\"display: none;\">No more posts were found<\/p><\/ul><\/div><\/div>\n","protected":false},"excerpt":{"rendered":"","protected":false},"author":3,"featured_media":1618,"parent":0,"menu_order":0,"comment_status":"closed","ping_status":"closed","template":"templates\/template-start-page.php","meta":{"_acf_changed":false,"inline_featured_image":false,"footnotes":""},"class_list":["post-468","page","type-page","status-publish","has-post-thumbnail","hentry"],"acf":[],"yoast_head":"<!-- This site is optimized with the Yoast SEO plugin v22.9 - https:\/\/yoast.com\/wordpress\/plugins\/seo\/ -->\n<title>We are expanding the metro so that distances will become shorter as Stockholm grows larger.<\/title>\n<meta name=\"robots\" content=\"noindex, follow, max-snippet:-1, max-image-preview:large, max-video-preview:-1\" \/>\n<meta property=\"og:locale\" content=\"en_US\" \/>\n<meta property=\"og:type\" content=\"article\" \/>\n<meta property=\"og:title\" content=\"We are expanding the metro so that distances will become shorter as Stockholm grows larger.\" \/>\n<meta property=\"og:url\" content=\"https:\/\/suri.templweb.com\/en\/\" \/>\n<meta property=\"og:site_name\" content=\"Nya tunnelbanan\" \/>\n<meta property=\"article:publisher\" content=\"https:\/\/www.facebook.com\/nyatunnelbanan\" \/>\n<meta property=\"article:modified_time\" content=\"2025-12-04T13:30:34+00:00\" \/>\n<meta property=\"og:image\" content=\"https:\/\/suri.templweb.com\/wp-content\/uploads\/2021\/09\/home-page-T.png\" \/>\n\t<meta property=\"og:image:width\" content=\"311\" \/>\n\t<meta property=\"og:image:height\" content=\"311\" \/>\n\t<meta property=\"og:image:type\" content=\"image\/png\" \/>\n<meta name=\"twitter:card\" content=\"summary_large_image\" \/>\n<meta name=\"twitter:label1\" content=\"Est. reading time\" \/>\n\t<meta name=\"twitter:data1\" content=\"1 minute\" \/>\n<script type=\"application\/ld+json\" class=\"yoast-schema-graph\">{\"@context\":\"https:\/\/schema.org\",\"@graph\":[{\"@type\":\"WebPage\",\"@id\":\"https:\/\/suri.templweb.com\/en\/\",\"url\":\"https:\/\/suri.templweb.com\/en\/\",\"name\":\"We are expanding the metro so that distances will become shorter as Stockholm grows larger.\",\"isPartOf\":{\"@id\":\"https:\/\/suri.templweb.com\/en\/#website\"},\"primaryImageOfPage\":{\"@id\":\"https:\/\/suri.templweb.com\/en\/#primaryimage\"},\"image\":{\"@id\":\"https:\/\/suri.templweb.com\/en\/#primaryimage\"},\"thumbnailUrl\":\"https:\/\/suri.templweb.com\/wp-content\/uploads\/2021\/09\/home-page-T.png\",\"datePublished\":\"2021-08-03T07:15:41+00:00\",\"dateModified\":\"2025-12-04T13:30:34+00:00\",\"breadcrumb\":{\"@id\":\"https:\/\/suri.templweb.com\/en\/#breadcrumb\"},\"inLanguage\":\"en-US\",\"potentialAction\":[{\"@type\":\"ReadAction\",\"target\":[\"https:\/\/suri.templweb.com\/en\/\"]}]},{\"@type\":\"ImageObject\",\"inLanguage\":\"en-US\",\"@id\":\"https:\/\/suri.templweb.com\/en\/#primaryimage\",\"url\":\"https:\/\/suri.templweb.com\/wp-content\/uploads\/2021\/09\/home-page-T.png\",\"contentUrl\":\"https:\/\/suri.templweb.com\/wp-content\/uploads\/2021\/09\/home-page-T.png\",\"width\":311,\"height\":311},{\"@type\":\"BreadcrumbList\",\"@id\":\"https:\/\/suri.templweb.com\/en\/#breadcrumb\",\"itemListElement\":[{\"@type\":\"ListItem\",\"position\":1,\"name\":\"Home\",\"item\":\"https:\/\/suri.templweb.com\/en\/\"},{\"@type\":\"ListItem\",\"position\":2,\"name\":\"We are expanding the metro so that distances will become shorter as Stockholm grows larger.\"}]},{\"@type\":\"WebSite\",\"@id\":\"https:\/\/suri.templweb.com\/en\/#website\",\"url\":\"https:\/\/suri.templweb.com\/en\/\",\"name\":\"Nya tunnelbanan\",\"description\":\"\",\"publisher\":{\"@id\":\"https:\/\/suri.templweb.com\/en\/#organization\"},\"potentialAction\":[{\"@type\":\"SearchAction\",\"target\":{\"@type\":\"EntryPoint\",\"urlTemplate\":\"https:\/\/suri.templweb.com\/en\/?s={search_term_string}\"},\"query-input\":\"required name=search_term_string\"}],\"inLanguage\":\"en-US\"},{\"@type\":\"Organization\",\"@id\":\"https:\/\/suri.templweb.com\/en\/#organization\",\"name\":\"Nya tunnelbanan\",\"url\":\"https:\/\/suri.templweb.com\/en\/\",\"logo\":{\"@type\":\"ImageObject\",\"inLanguage\":\"en-US\",\"@id\":\"https:\/\/suri.templweb.com\/en\/#\/schema\/logo\/image\/\",\"url\":\"https:\/\/suri.templweb.com\/wp-content\/uploads\/2023\/08\/sll-logo.svg\",\"contentUrl\":\"https:\/\/suri.templweb.com\/wp-content\/uploads\/2023\/08\/sll-logo.svg\",\"width\":300,\"height\":53,\"caption\":\"Nya tunnelbanan\"},\"image\":{\"@id\":\"https:\/\/suri.templweb.com\/en\/#\/schema\/logo\/image\/\"},\"sameAs\":[\"https:\/\/www.facebook.com\/nyatunnelbanan\"]}]}<\/script>\n<!-- \/ Yoast SEO plugin. -->","yoast_head_json":{"title":"We are expanding the metro so that distances will become shorter as Stockholm grows larger.","robots":{"index":"noindex","follow":"follow","max-snippet":"max-snippet:-1","max-image-preview":"max-image-preview:large","max-video-preview":"max-video-preview:-1"},"og_locale":"en_US","og_type":"article","og_title":"We are expanding the metro so that distances will become shorter as Stockholm grows larger.","og_url":"https:\/\/suri.templweb.com\/en\/","og_site_name":"Nya tunnelbanan","article_publisher":"https:\/\/www.facebook.com\/nyatunnelbanan","article_modified_time":"2025-12-04T13:30:34+00:00","og_image":[{"width":311,"height":311,"url":"https:\/\/suri.templweb.com\/wp-content\/uploads\/2021\/09\/home-page-T.png","type":"image\/png"}],"twitter_card":"summary_large_image","twitter_misc":{"Est. reading time":"1 minute"},"schema":{"@context":"https:\/\/schema.org","@graph":[{"@type":"WebPage","@id":"https:\/\/suri.templweb.com\/en\/","url":"https:\/\/suri.templweb.com\/en\/","name":"We are expanding the metro so that distances will become shorter as Stockholm grows larger.","isPartOf":{"@id":"https:\/\/suri.templweb.com\/en\/#website"},"primaryImageOfPage":{"@id":"https:\/\/suri.templweb.com\/en\/#primaryimage"},"image":{"@id":"https:\/\/suri.templweb.com\/en\/#primaryimage"},"thumbnailUrl":"https:\/\/suri.templweb.com\/wp-content\/uploads\/2021\/09\/home-page-T.png","datePublished":"2021-08-03T07:15:41+00:00","dateModified":"2025-12-04T13:30:34+00:00","breadcrumb":{"@id":"https:\/\/suri.templweb.com\/en\/#breadcrumb"},"inLanguage":"en-US","potentialAction":[{"@type":"ReadAction","target":["https:\/\/suri.templweb.com\/en\/"]}]},{"@type":"ImageObject","inLanguage":"en-US","@id":"https:\/\/suri.templweb.com\/en\/#primaryimage","url":"https:\/\/suri.templweb.com\/wp-content\/uploads\/2021\/09\/home-page-T.png","contentUrl":"https:\/\/suri.templweb.com\/wp-content\/uploads\/2021\/09\/home-page-T.png","width":311,"height":311},{"@type":"BreadcrumbList","@id":"https:\/\/suri.templweb.com\/en\/#breadcrumb","itemListElement":[{"@type":"ListItem","position":1,"name":"Home","item":"https:\/\/suri.templweb.com\/en\/"},{"@type":"ListItem","position":2,"name":"We are expanding the metro so that distances will become shorter as Stockholm grows larger."}]},{"@type":"WebSite","@id":"https:\/\/suri.templweb.com\/en\/#website","url":"https:\/\/suri.templweb.com\/en\/","name":"Nya tunnelbanan","description":"","publisher":{"@id":"https:\/\/suri.templweb.com\/en\/#organization"},"potentialAction":[{"@type":"SearchAction","target":{"@type":"EntryPoint","urlTemplate":"https:\/\/suri.templweb.com\/en\/?s={search_term_string}"},"query-input":"required name=search_term_string"}],"inLanguage":"en-US"},{"@type":"Organization","@id":"https:\/\/suri.templweb.com\/en\/#organization","name":"Nya tunnelbanan","url":"https:\/\/suri.templweb.com\/en\/","logo":{"@type":"ImageObject","inLanguage":"en-US","@id":"https:\/\/suri.templweb.com\/en\/#\/schema\/logo\/image\/","url":"https:\/\/suri.templweb.com\/wp-content\/uploads\/2023\/08\/sll-logo.svg","contentUrl":"https:\/\/suri.templweb.com\/wp-content\/uploads\/2023\/08\/sll-logo.svg","width":300,"height":53,"caption":"Nya tunnelbanan"},"image":{"@id":"https:\/\/suri.templweb.com\/en\/#\/schema\/logo\/image\/"},"sameAs":["https:\/\/www.facebook.com\/nyatunnelbanan"]}]}},"_links":{"self":[{"href":"https:\/\/suri.templweb.com\/en\/wp-json\/wp\/v2\/pages\/468"}],"collection":[{"href":"https:\/\/suri.templweb.com\/en\/wp-json\/wp\/v2\/pages"}],"about":[{"href":"https:\/\/suri.templweb.com\/en\/wp-json\/wp\/v2\/types\/page"}],"author":[{"embeddable":true,"href":"https:\/\/suri.templweb.com\/en\/wp-json\/wp\/v2\/users\/3"}],"replies":[{"embeddable":true,"href":"https:\/\/suri.templweb.com\/en\/wp-json\/wp\/v2\/comments?post=468"}],"version-history":[{"count":14,"href":"https:\/\/suri.templweb.com\/en\/wp-json\/wp\/v2\/pages\/468\/revisions"}],"predecessor-version":[{"id":30879,"href":"https:\/\/suri.templweb.com\/en\/wp-json\/wp\/v2\/pages\/468\/revisions\/30879"}],"wp:featuredmedia":[{"embeddable":true,"href":"https:\/\/suri.templweb.com\/en\/wp-json\/wp\/v2\/media\/1618"}],"wp:attachment":[{"href":"https:\/\/suri.templweb.com\/en\/wp-json\/wp\/v2\/media?parent=468"}],"curies":[{"name":"wp","href":"https:\/\/api.w.org\/{rel}","templated":true}]}}